{"id":827,"date":"2016-08-17T11:09:09","date_gmt":"2016-08-17T15:09:09","guid":{"rendered":"http:\/\/www.emater.ro.gov.br\/ematerro\/?page_id=827"},"modified":"2026-04-07T08:21:52","modified_gmt":"2026-04-07T12:21:52","slug":"diretoriaexecutiva","status":"publish","type":"page","link":"http:\/\/www.emater.ro.gov.br\/ematerro\/diretoriaexecutiva\/","title":{"rendered":"Diretoria Executiva"},"content":{"rendered":"<hr \/>\n<p><img decoding=\"async\" loading=\"lazy\" class=\"aligncenter wp-image-6152 size-full\" src=\"http:\/\/www.emater.ro.gov.br\/ematerro\/wp-content\/uploads\/2016\/08\/ORGANOGRAMA-EMATER-OUTUBRO-2018.jpg\" width=\"917\" height=\"731\" srcset=\"http:\/\/www.emater.ro.gov.br\/ematerro\/wp-content\/uploads\/2016\/08\/ORGANOGRAMA-EMATER-OUTUBRO-2018.jpg 917w, http:\/\/www.emater.ro.gov.br\/ematerro\/wp-content\/uploads\/2016\/08\/ORGANOGRAMA-EMATER-OUTUBRO-2018-300x239.jpg 300w, http:\/\/www.emater.ro.gov.br\/ematerro\/wp-content\/uploads\/2016\/08\/ORGANOGRAMA-EMATER-OUTUBRO-2018-768x612.jpg 768w\" sizes=\"(max-width: 917px) 100vw, 917px\" \/><\/p>\n<p style=\"text-align: center;\"><span style=\"color: #008000;\"><strong>ENTIDADE AUT\u00c1RQUICA DE ASSIST\u00caNCIA T\u00c9CNICA E<\/strong><\/span><br \/>\n<span style=\"color: #008000;\"> <strong>EXTENS\u00c3O RURAL DO ESTADO DE ROND\u00d4NIA<\/strong><\/span><\/p>\n<p style=\"text-align: center;\"><span style=\"color: #008000;\"><strong>CENTRO POL\u00cdTICO ADMINISTRATIVO &#8211; PAL\u00c1CIO RIO MADEIRA<\/strong><\/span><br \/>\nAv. Farquar, 2986 &#8211; Bairro Pedrinhas, curvo Rio Jamari<br \/>\n1\u00ba andar &#8211;\u00a0 Cep: 76.801-470 &#8211; Porto Velho \u2013 RO<br \/>\nTel.: (69) 9.9337-3533<br \/>\n<span style=\"color: #0000ff;\"><a style=\"color: #0000ff;\" href=\"http:\/\/www.emater.ro.gov.br\/ematerro\" target=\"_blank\" rel=\"noopener\">www.emater.ro.gov.br<\/a><\/span><\/p>\n<h3 style=\"text-align: center;\"><span style=\"color: #008000;\"><strong>DIRETORIA EXECUTIVA<\/strong><\/span><\/h3>\n<p style=\"text-align: center;\"><strong>DIRETOR PRESIDENTE<br \/>\n<\/strong><a href=\"http:\/\/www.emater.ro.gov.br\/ematerro\/wp-content\/uploads\/2026\/04\/20260406-perfil-hermes-jose-dias-filho.docx\" target=\"_blank\" rel=\"noopener\"><span style=\"color: #0000ff;\">Hermes Jos\u00e9 Dias Filho<\/span><\/a><br \/>\n(69) 9.9337-3533<br \/>\n<a href=\"http:\/\/presidencia@emater.ro.gov.br\"><span style=\"color: #0000ff;\">presidencia@emater.ro.gov.br<\/span><\/a><\/p>\n<p style=\"text-align: center;\"><strong>DIRETOR VICE-PRESIDENTE<br \/>\n<\/strong>Alessandro Pedralli da Silva<br \/>\n(69) 9.9337-3533<br \/>\n<a href=\"http:\/\/presidencia@emater.ro.gov.br\"><span style=\"color: #0000ff;\">presidencia@emater.ro.gov.br<\/span><\/a><\/p>\n<p style=\"text-align: center;\"><strong>DIRETORA T\u00c9CNICO E DE PLANEJAMENTO \/ DITEP<\/strong><br \/>\nJos\u00e9 de Arimateia da Silva<br \/>\n(69) 9.9342-7792<br \/>\n<span style=\"color: #0000ff;\"><a style=\"color: #0000ff;\" href=\"http:\/\/ditep@emater.ro.gov.br\">ditep@emater.ro.gov.br<\/a><\/span><\/p>\n<p style=\"text-align: center;\"><strong>DIRETORA ADMINISTRATIVA E FINANCEIRA \/ DIAFI<\/strong><br \/>\nAnderson K\u00fchl<br \/>\n(69) 9.927540-41<br \/>\n<span style=\"color: #0000ff;\"><a style=\"color: #0000ff;\" href=\"http:\/\/diafi@emater.ro.gov.br\">diafi@emater.ro.gov.br<\/a><\/span><\/p>\n<p style=\"text-align: center;\"><strong>DIRETORA DE ADMINISTRA\u00c7\u00c3O DE PESSOAL \/ DIDEP<\/strong><br \/>\nRenata Rosa de Souza<br \/>\n(69) 9.9341-6850<br \/>\n<span style=\"color: #0000ff;\"><a style=\"color: #0000ff;\" href=\"http:\/\/didep@emater.ro.gov.br\">didep@emater.ro.gov.br<\/a><\/span><\/p>\n<h1 style=\"text-align: center;\"><strong>\u00a0<span style=\"color: #008000;\">GALERIA DOS PRESIDENTES DA EMATER-RO<\/span><br \/>\n<\/strong><\/h1>\n<p style=\"text-align: center;\"><img decoding=\"async\" loading=\"lazy\" class=\"aligncenter wp-image-19521 size-large\" src=\"http:\/\/www.emater.ro.gov.br\/ematerro\/wp-content\/uploads\/2026\/04\/20260406-quadros-presidentes_2026-hermes-713x1024.jpg\" alt=\"\" width=\"713\" height=\"1024\" srcset=\"http:\/\/www.emater.ro.gov.br\/ematerro\/wp-content\/uploads\/2026\/04\/20260406-quadros-presidentes_2026-hermes-713x1024.jpg 713w, http:\/\/www.emater.ro.gov.br\/ematerro\/wp-content\/uploads\/2026\/04\/20260406-quadros-presidentes_2026-hermes-209x300.jpg 209w, http:\/\/www.emater.ro.gov.br\/ematerro\/wp-content\/uploads\/2026\/04\/20260406-quadros-presidentes_2026-hermes-768x1102.jpg 768w, http:\/\/www.emater.ro.gov.br\/ematerro\/wp-content\/uploads\/2026\/04\/20260406-quadros-presidentes_2026-hermes-1070x1536.jpg 1070w, http:\/\/www.emater.ro.gov.br\/ematerro\/wp-content\/uploads\/2026\/04\/20260406-quadros-presidentes_2026-hermes-1427x2048.jpg 1427w, http:\/\/www.emater.ro.gov.br\/ematerro\/wp-content\/uploads\/2026\/04\/20260406-quadros-presidentes_2026-hermes-scaled.jpg 1784w\" sizes=\"(max-width: 713px) 100vw, 713px\" \/><\/p>\n<p style=\"text-align: center;\">\n","protected":false},"excerpt":{"rendered":"<p>ENTIDADE AUT\u00c1RQUICA DE ASSIST\u00caNCIA T\u00c9CNICA E EXTENS\u00c3O RURAL DO ESTADO DE ROND\u00d4NIA CENTRO POL\u00cdTICO ADMINISTRATIVO &#8211; PAL\u00c1CIO RIO MADEIRA Av. Farquar, 2986 &#8211; Bairro Pedrinhas, curvo Rio Jamari 1\u00ba andar [&hellip;]<\/p>\n","protected":false},"author":1,"featured_media":0,"parent":0,"menu_order":0,"comment_status":"closed","ping_status":"closed","template":"","meta":[],"_links":{"self":[{"href":"http:\/\/www.emater.ro.gov.br\/ematerro\/wp-json\/wp\/v2\/pages\/827"}],"collection":[{"href":"http:\/\/www.emater.ro.gov.br\/ematerro\/wp-json\/wp\/v2\/pages"}],"about":[{"href":"http:\/\/www.emater.ro.gov.br\/ematerro\/wp-json\/wp\/v2\/types\/page"}],"author":[{"embeddable":true,"href":"http:\/\/www.emater.ro.gov.br\/ematerro\/wp-json\/wp\/v2\/users\/1"}],"replies":[{"embeddable":true,"href":"http:\/\/www.emater.ro.gov.br\/ematerro\/wp-json\/wp\/v2\/comments?post=827"}],"version-history":[{"count":61,"href":"http:\/\/www.emater.ro.gov.br\/ematerro\/wp-json\/wp\/v2\/pages\/827\/revisions"}],"predecessor-version":[{"id":19529,"href":"http:\/\/www.emater.ro.gov.br\/ematerro\/wp-json\/wp\/v2\/pages\/827\/revisions\/19529"}],"wp:attachment":[{"href":"http:\/\/www.emater.ro.gov.br\/ematerro\/wp-json\/wp\/v2\/media?parent=827"}],"curies":[{"name":"wp","href":"https:\/\/api.w.org\/{rel}","templated":true}]}}