{"id":8139,"date":"2020-03-25T11:30:42","date_gmt":"2020-03-25T15:30:42","guid":{"rendered":"http:\/\/www.emater.ro.gov.br\/ematerro\/?page_id=8139"},"modified":"2025-12-01T09:11:58","modified_gmt":"2025-12-01T13:11:58","slug":"atos-oficiais-leis-decretos-recomendacoes","status":"publish","type":"page","link":"http:\/\/www.emater.ro.gov.br\/ematerro\/atos-oficiais-leis-decretos-recomendacoes\/","title":{"rendered":"Atos Oficiais (Leis, Decretos, Recomenda\u00e7\u00f5es&#8230;)"},"content":{"rendered":"<p><span style=\"color: #0000ff;\"><span style=\"color: #008000;\"><strong>CONSTITUI\u00c7\u00c3O<\/strong><\/span><br \/>\n<a style=\"color: #0000ff;\" href=\"http:\/\/www.planalto.gov.br\/ccivil_03\/constituicao\/constituicao.htm\" target=\"_blank\" rel=\"noopener\">Constitui\u00e7\u00e3o Federal\/1988<\/a><\/span><br \/>\n<span style=\"color: #0000ff;\"> <a style=\"color: #0000ff;\" href=\"https:\/\/www.al.ro.leg.br\/institucional\/constituicao-do-estado-de-rondonia\/constituicao-estadual\/CE1989_EC147.pdf\" target=\"_blank\" rel=\"noopener\">Constitui\u00e7\u00e3o do Estado de Rond\u00f4nia\/1989<\/a><\/span><\/p>\n<p><span style=\"color: #0000ff;\"><span style=\"color: #008000;\"><strong>LEIS<\/strong><\/span><br \/>\n<a style=\"color: #0000ff;\" href=\"https:\/\/sapl.al.ro.leg.br\/media\/sapl\/public\/normajuridica\/2013\/6407\/6407_texto_integral.pdf\" target=\"_blank\" rel=\"noopener\">Lei 3.138 de 05\/07\/2013 \u2013 Regulariza Emater-RO\/Empresa P\u00fablica<\/a><br \/>\n<a style=\"color: #0000ff;\" href=\"https:\/\/sapl.al.ro.leg.br\/media\/sapl\/public\/normajuridica\/2013\/6601\/6601_texto_integral.pdf\" target=\"_blank\" rel=\"noopener\">Lei 3.308 de 19\/12\/2013 \u2013 Altera dispositivos da Lei 3.138\/2013<\/a><br \/>\n<a style=\"color: #0000ff;\" href=\"https:\/\/sapl.al.ro.leg.br\/media\/sapl\/public\/normajuridica\/2013\/6601\/6601_texto_integral.pdf\" target=\"_blank\" rel=\"noopener\">Lei 3.937 \u00a0de 31\/11\/2016 \u2013 Altera natureza jur\u00eddica\/Autarquia<\/a><\/span><\/p>\n<p><span style=\"color: #0000ff;\"><span style=\"color: #008000;\"><strong>EMENDAS CONSTITUCIONAIS<\/strong><\/span><br \/>\n<a style=\"color: #0000ff;\" href=\"http:\/\/www.emater.ro.gov.br\/ematerro\/wp-content\/uploads\/2022\/04\/20220422-emenda-constitucional-88_2013.pdf\" target=\"_blank\" rel=\"noopener\">Emenda Constitucional 088 de 17\/12\/2013 \u2013 Implanta or\u00e7amento\u00a0 outros<\/a><\/span><br \/>\n<span style=\"color: #0000ff;\"> <a style=\"color: #0000ff;\" href=\"https:\/\/in.gov.br\/en\/web\/dou\/-\/emenda-constitucional-n-113-365943416\" target=\"_blank\" rel=\"noopener\">Emenda Constitucional 113 de 30\/11\/2016 \u2013 Altera natureza jur\u00eddica\/Autarquia<\/a><\/span><\/p>\n<p><span style=\"color: #0000ff;\"><span style=\"color: #008000;\"><strong>DECRETOS<\/strong><\/span><br \/>\n<a href=\"https:\/\/diof.ro.gov.br\/data\/uploads\/2015\/01\/DOE-20-01-20151.pdf\" target=\"_blank\" rel=\"noopener\"><span style=\"color: #0000ff;\">Decreto n\u00ba 19.460 de 20\/01\/2015 &#8211; Aprova Estatuto da Emater-RO<\/span><\/a><br \/>\n<a style=\"color: #0000ff;\" href=\"http:\/\/www.emater.ro.gov.br\/ematerro\/wp-content\/uploads\/2022\/04\/20220422-decreto-22-911_2018-regimento-interno_emater-ro-doe.pdf\">Decreto n\u00ba 22.911 de 07\/06\/2018 &#8211; Aprova Regimento da Emater-RO<br \/>\n<\/a><\/span><span style=\"color: #0000ff;\"><a style=\"color: #0000ff;\" href=\"http:\/\/www.emater.ro.gov.br\/ematerro\/wp-content\/uploads\/2022\/05\/20220506-decreto-n-26-740-de-29_12_2021-quadro-de-pessoal.pdf\" target=\"_blank\" rel=\"noopener\">Decreto n\u00ba 26.740 de 29\/12\/2021 &#8211; Consolida o quadro de pessoal<\/a><br \/>\n<\/span><span style=\"color: #0000ff;\"><a href=\"http:\/\/www.emater.ro.gov.br\/ematerro\/wp-content\/uploads\/2025\/12\/20251201-decreto-30336-codigo-de-conduta-e-integridade.pdf\" target=\"_blank\" rel=\"noopener\"><span style=\"color: #0000ff;\">Decreto n\u00ba 30.336 de 03\/06\/2025 &#8211; Institui o C\u00f3digo de Conduta e Integridade na Emater-RO<\/span><\/a><\/span><\/p>\n<p><span style=\"color: #0000ff;\"><span style=\"color: #008000;\"><strong>INSTRU\u00c7\u00d5ES NORMATIVAS<br \/>\n<\/strong><\/span><a style=\"color: #0000ff;\" href=\"https:\/\/legislacao.sefin.ro.gov.br\/textoLegislacao.jsp?texto=1269\" target=\"_blank\" rel=\"noopener\">Instru\u00e7\u00e3o Normativa n\u00ba 44\/2020\/GAB\/CRE &#8211; Pauta fiscal de mercadorias e<\/a><\/span><\/p>\n<p><strong><span style=\"color: #008000;\">OUTROS<\/span><\/strong><br \/>\n<span style=\"color: #0000ff;\"><a style=\"color: #0000ff;\" href=\"http:\/\/www.emater.ro.gov.br\/ematerro\/wp-content\/uploads\/2020\/03\/Notificacao_2_2020_seagri_cafamiliar.pdf\" target=\"_blank\" rel=\"noopener\">Notifica\u00e7\u00e3o Recomendat\u00f3ria 02\/2020-SEAGRI<\/a><\/span><\/p>\n","protected":false},"excerpt":{"rendered":"<p>CONSTITUI\u00c7\u00c3O Constitui\u00e7\u00e3o Federal\/1988 Constitui\u00e7\u00e3o do Estado de Rond\u00f4nia\/1989 LEIS Lei 3.138 de 05\/07\/2013 \u2013 Regulariza Emater-RO\/Empresa P\u00fablica Lei 3.308 de 19\/12\/2013 \u2013 Altera dispositivos da Lei 3.138\/2013 Lei 3.937 \u00a0de [&hellip;]<\/p>\n","protected":false},"author":9,"featured_media":0,"parent":0,"menu_order":0,"comment_status":"closed","ping_status":"closed","template":"","meta":[],"_links":{"self":[{"href":"http:\/\/www.emater.ro.gov.br\/ematerro\/wp-json\/wp\/v2\/pages\/8139"}],"collection":[{"href":"http:\/\/www.emater.ro.gov.br\/ematerro\/wp-json\/wp\/v2\/pages"}],"about":[{"href":"http:\/\/www.emater.ro.gov.br\/ematerro\/wp-json\/wp\/v2\/types\/page"}],"author":[{"embeddable":true,"href":"http:\/\/www.emater.ro.gov.br\/ematerro\/wp-json\/wp\/v2\/users\/9"}],"replies":[{"embeddable":true,"href":"http:\/\/www.emater.ro.gov.br\/ematerro\/wp-json\/wp\/v2\/comments?post=8139"}],"version-history":[{"count":15,"href":"http:\/\/www.emater.ro.gov.br\/ematerro\/wp-json\/wp\/v2\/pages\/8139\/revisions"}],"predecessor-version":[{"id":18686,"href":"http:\/\/www.emater.ro.gov.br\/ematerro\/wp-json\/wp\/v2\/pages\/8139\/revisions\/18686"}],"wp:attachment":[{"href":"http:\/\/www.emater.ro.gov.br\/ematerro\/wp-json\/wp\/v2\/media?parent=8139"}],"curies":[{"name":"wp","href":"https:\/\/api.w.org\/{rel}","templated":true}]}}