{"id":8029,"date":"2020-03-13T09:45:03","date_gmt":"2020-03-13T13:45:03","guid":{"rendered":"http:\/\/www.emater.ro.gov.br\/ematerro\/?page_id=8029"},"modified":"2020-03-13T10:30:11","modified_gmt":"2020-03-13T14:30:11","slug":"convenios-2016","status":"publish","type":"page","link":"http:\/\/www.emater.ro.gov.br\/ematerro\/convenios-2016\/","title":{"rendered":"Convenios-2016"},"content":{"rendered":"<table width=\"867\">\n<tbody>\n<tr>\n<td style=\"text-align: center;\" width=\"135\">N.\u00ba CONTRATO DE REPASSE\/CONV\u00caNIO<\/td>\n<td style=\"text-align: center;\" width=\"363\">OBJETO<\/td>\n<td style=\"text-align: center;\" width=\"95\">Valor Total\u00a0\u00a0 (R$ 1,00)<\/td>\n<td style=\"text-align: center;\" width=\"136\">VIG\u00caNCIA<\/td>\n<td style=\"text-align: center;\" width=\"138\">ADITIVOS<\/td>\n<\/tr>\n<tr>\n<td width=\"135\"><a href=\"http:\/\/www.emater.ro.gov.br\/ematerro\/wp-content\/uploads\/2020\/03\/TERMO_ASSINADO___RO.pdf\">837357\/2016<\/a><\/td>\n<td width=\"363\">Fortalecer o processo de organiza\u00e7\u00e3o social nas comunidades rurais da regi\u00e3o do Vale do Guapor\u00e9, no Estado de Rond\u00f4nia.<\/td>\n<td>172.138,00<\/td>\n<td>06\/06\/2020<\/td>\n<td>\u00a0<a href=\"http:\/\/www.emater.ro.gov.br\/ematerro\/wp-content\/uploads\/2020\/03\/Termo-aditivo-837357-16.pdf\">1\u00ba &#8211; 837357<\/a><\/td>\n<\/tr>\n<tr>\n<td><a href=\"http:\/\/www.emater.ro.gov.br\/ematerro\/wp-content\/uploads\/2020\/03\/convenio-835817.pdf\">835817\/2016<\/a><\/td>\n<td width=\"363\">Aquisi\u00e7\u00e3o de mudas de caf\u00e9 para atender ao programa Caf\u00e9 Sustent\u00e1vel de Rond\u00f4nia.<\/td>\n<td>650.000,00<\/td>\n<td>17\/03\/2019<\/td>\n<td><\/td>\n<\/tr>\n<\/tbody>\n<\/table>\n","protected":false},"excerpt":{"rendered":"<p>N.\u00ba CONTRATO DE REPASSE\/CONV\u00caNIO OBJETO Valor Total\u00a0\u00a0 (R$ 1,00) VIG\u00caNCIA ADITIVOS 837357\/2016 Fortalecer o processo de organiza\u00e7\u00e3o social nas comunidades rurais da regi\u00e3o do Vale do Guapor\u00e9, no Estado de [&hellip;]<\/p>\n","protected":false},"author":1,"featured_media":0,"parent":0,"menu_order":0,"comment_status":"closed","ping_status":"closed","template":"","meta":[],"_links":{"self":[{"href":"http:\/\/www.emater.ro.gov.br\/ematerro\/wp-json\/wp\/v2\/pages\/8029"}],"collection":[{"href":"http:\/\/www.emater.ro.gov.br\/ematerro\/wp-json\/wp\/v2\/pages"}],"about":[{"href":"http:\/\/www.emater.ro.gov.br\/ematerro\/wp-json\/wp\/v2\/types\/page"}],"author":[{"embeddable":true,"href":"http:\/\/www.emater.ro.gov.br\/ematerro\/wp-json\/wp\/v2\/users\/1"}],"replies":[{"embeddable":true,"href":"http:\/\/www.emater.ro.gov.br\/ematerro\/wp-json\/wp\/v2\/comments?post=8029"}],"version-history":[{"count":2,"href":"http:\/\/www.emater.ro.gov.br\/ematerro\/wp-json\/wp\/v2\/pages\/8029\/revisions"}],"predecessor-version":[{"id":8047,"href":"http:\/\/www.emater.ro.gov.br\/ematerro\/wp-json\/wp\/v2\/pages\/8029\/revisions\/8047"}],"wp:attachment":[{"href":"http:\/\/www.emater.ro.gov.br\/ematerro\/wp-json\/wp\/v2\/media?parent=8029"}],"curies":[{"name":"wp","href":"https:\/\/api.w.org\/{rel}","templated":true}]}}