{"id":6347,"date":"2019-01-22T08:26:13","date_gmt":"2019-01-22T12:26:13","guid":{"rendered":"http:\/\/www.emater.ro.gov.br\/ematerro\/?page_id=6347"},"modified":"2025-08-27T11:23:40","modified_gmt":"2025-08-27T15:23:40","slug":"cartilhas","status":"publish","type":"page","link":"http:\/\/www.emater.ro.gov.br\/ematerro\/publicacoes\/cartilhas\/","title":{"rendered":"Cartilhas"},"content":{"rendered":"<hr \/>\n<p><strong>AGROIND\u00daSTRIA<\/strong><br \/>\n<span style=\"color: #0000ff;\"><a style=\"color: #0000ff;\" href=\"http:\/\/www.emater.ro.gov.br\/ematerro\/wp-content\/uploads\/2021\/07\/20210716-cartilha_agroindustria_familiar_procedimento_padrao_boa_pratica_de_fabricacao.pdf\">Agroind\u00fastria Familiar &#8211; Procedimento Padr\u00e3o de Boas Pr\u00e1ticas de Produ\u00e7\u00e3o<\/a><\/span><\/p>\n<p><strong><a href=\"http:\/\/www.emater.ro.gov.br\/ematerro\/wp-content\/uploads\/2022\/04\/20220427-cartilha-piscicultura_.pdf\">ASSIST\u00caNCIA SOCIAL<\/a><br \/>\n<\/strong><span style=\"color: #0000ff;\"><a style=\"color: #0000ff;\" href=\"http:\/\/www.emater.ro.gov.br\/ematerro\/wp-content\/uploads\/2021\/06\/20210602-mamae-cheguei_caderno-de-orientacoes.pdf\" target=\"_blank\" rel=\"noopener\">Mam\u00e3e Cheguei &#8211; Caderno de Orienta\u00e7\u00f5es<\/a><\/span><\/p>\n<p><strong>AVICULTURA<\/strong><br \/>\n<span style=\"color: #0000ff;\"><a style=\"color: #0000ff;\" href=\"http:\/\/www.emater.ro.gov.br\/ematerro\/wp-content\/uploads\/2022\/04\/20220427-cartilha_galinha-caipira_.pdf\" target=\"_blank\" rel=\"noopener\">Galinha Caipira Moderna-Orienta\u00e7\u00f5es para cria\u00e7\u00e3o em Porto Velho<\/a><\/span><\/p>\n<p><strong>BOVINOCULTURA<\/strong><br \/>\n<strong>&#8211;\u00a0 APP\/Leite<\/strong><br \/>\n<span style=\"color: #0000ff;\">\u00a0\u00a0 <a style=\"color: #0000ff;\" href=\"http:\/\/www.emater.ro.gov.br\/ematerro\/wp-content\/uploads\/2021\/07\/20210716-appleite-5.pdf\">APP Leite_005<\/a>\u00a0\u00a0 <a style=\"color: #0000ff;\" href=\"http:\/\/www.emater.ro.gov.br\/ematerro\/wp-content\/uploads\/2021\/07\/20210716-appleite-6.pdf\">APP Leite_006<\/a>\u00a0\u00a0 <a style=\"color: #0000ff;\" href=\"http:\/\/www.emater.ro.gov.br\/ematerro\/wp-content\/uploads\/2021\/07\/20210716-appleite-7_compressed_01.pdf\">APP Leite_007<\/a>\u00a0\u00a0 <a style=\"color: #0000ff;\" href=\"http:\/\/www.emater.ro.gov.br\/ematerro\/wp-content\/uploads\/2021\/07\/20210716-appleite-8_compressed.pdf\">APP Leite_008<\/a>\u00a0\u00a0 <a style=\"color: #0000ff;\" href=\"http:\/\/www.emater.ro.gov.br\/ematerro\/wp-content\/uploads\/2021\/07\/20210716-appleite-9.pdf\">APP Leite_009<\/a>\u00a0\u00a0 <a style=\"color: #0000ff;\" href=\"http:\/\/www.emater.ro.gov.br\/ematerro\/wp-content\/uploads\/2021\/07\/20210716-appleite-10.pdf\">APP Leite_010<\/a>\u00a0\u00a0 <a style=\"color: #0000ff;\" href=\"http:\/\/www.emater.ro.gov.br\/ematerro\/wp-content\/uploads\/2021\/07\/20210716-appleite-11.pdf\">APP Leite_011<\/a><\/span><br \/>\n<span style=\"color: #0000ff;\"> \u00a0\u00a0 <a style=\"color: #0000ff;\" href=\"http:\/\/www.emater.ro.gov.br\/ematerro\/wp-content\/uploads\/2021\/07\/20210716-appleite-12.pdf\">APP Leite_012<\/a>\u00a0\u00a0 <a style=\"color: #0000ff;\" href=\"http:\/\/www.emater.ro.gov.br\/ematerro\/wp-content\/uploads\/2021\/07\/20210716-appleite-15.pdf\">APP Leite_015<\/a>\u00a0\u00a0\u00a0 <a style=\"color: #0000ff;\" href=\"http:\/\/www.emater.ro.gov.br\/ematerro\/wp-content\/uploads\/2021\/07\/20210716-appleite-17.pdf\">APP Leite_017\u00a0<\/a>\u00a0\u00a0 <a style=\"color: #0000ff;\" href=\"http:\/\/www.emater.ro.gov.br\/ematerro\/wp-content\/uploads\/2021\/07\/20210716-appleite-19.pdf\">APP Leite_019<\/a>\u00a0\u00a0 <a style=\"color: #0000ff;\" href=\"http:\/\/www.emater.ro.gov.br\/ematerro\/wp-content\/uploads\/2021\/07\/20210716-appleite-20.pdf\">APP Leite_020<\/a>\u00a0\u00a0 <a style=\"color: #0000ff;\" href=\"http:\/\/www.emater.ro.gov.br\/ematerro\/wp-content\/uploads\/2021\/07\/20210716-appleite-21_compressed.pdf\">APP Leite_021<\/a><\/span><\/p>\n<p><strong>CACAUICULTURA<br \/>\n<\/strong><span style=\"color: #0000ff;\"><a style=\"color: #0000ff;\" href=\"http:\/\/www.emater.ro.gov.br\/ematerro\/wp-content\/uploads\/2025\/07\/20250729-processamento-artesanal-do-cacau.pdf\" target=\"_blank\" rel=\"noopener\">Processamento Artesanal do Cacau<\/a><\/span><\/p>\n<p><strong>CAFEICULTURA<\/strong><br \/>\n<span style=\"color: #0000ff;\"><a style=\"color: #0000ff;\" href=\"http:\/\/www.emater.ro.gov.br\/ematerro\/wp-content\/uploads\/2021\/07\/20210716-boas-praticas-para-producao-de-robusta-com-qualidade.pdf\" target=\"_blank\" rel=\"noopener\">Caf\u00e9-Boas Pr\u00e1ticas para Produ\u00e7\u00e3o de Robusta com Qualidade<\/a><\/span><br \/>\n<span style=\"color: #0000ff;\"><a style=\"color: #0000ff;\" href=\"http:\/\/www.sapc.embrapa.br\/arquivos\/consorcio\/publicacoes_tecnicas\/Cartilha_Robustas%20Amazonicos_Estrategias_%20para_Safra_2020.pdf\" target=\"_blank\" rel=\"noopener\">Caf\u00e9-Robustas Amaz\u00f4nicos &#8211; Estrat\u00e9gias para safra 2020<\/a><\/span><span style=\"color: #0000ff;\"><br \/>\n<a style=\"color: #0000ff;\" href=\"http:\/\/www.emater.ro.gov.br\/ematerro\/wp-content\/uploads\/2022\/04\/20220427-cartilha_qualidade-e-comercializacao-cafe_.pdf\" target=\"_blank\" rel=\"noopener\">PRACAFE &#8211; Programa Rond\u00f4nia Armazena Caf\u00e9<br \/>\nQualidade e Comercializa\u00e7\u00e3o do Caf\u00e9<\/a><\/span><\/p>\n<p><strong>COMUNICA\u00c7\u00c3O<br \/>\n<\/strong><span style=\"color: #0000ff;\"><a style=\"color: #0000ff;\" href=\"http:\/\/www.emater.ro.gov.br\/ematerro\/wp-content\/uploads\/2024\/05\/20240510-cerimonial-protocolo-em-eventos-oficiais.pdf\" target=\"_blank\" rel=\"noopener\">Cerimonial, Protocolo em eventos oficiais<\/a><\/span><br \/>\n<span style=\"color: #0000ff;\"><a style=\"color: #0000ff;\" href=\"http:\/\/www.emater.ro.gov.br\/siteemater\/arquivos\/publicacoes\/10072012115155.pdf\" target=\"_blank\" rel=\"noopener\">Produ\u00e7\u00e3o de Texto e Produ\u00e7\u00e3o de R\u00e1dio<\/a><\/span><br \/>\n<a href=\"http:\/\/www.emater.ro.gov.br\/ematerro\/wp-content\/uploads\/2024\/05\/20240510-roteiro_basico_para_realizacao_de_cerimonial_em_eventos_wania.pdf\" target=\"_blank\" rel=\"noopener\"><span style=\"color: #0000ff;\">Roteiro B\u00e1sico para realiza\u00e7\u00e3o de Cerimonial em eventos oficiais<\/span><\/a><\/p>\n<p><strong>EDUCACIONAL<\/strong><br \/>\n<span style=\"color: #0000ff;\"><a style=\"color: #0000ff;\" href=\"http:\/\/www.emater.ro.gov.br\/ematerro\/wp-content\/uploads\/2025\/07\/20250716-cartilha___combata_o_assedio_eleitoral_valorize_seu_voto.pdf\" target=\"_blank\" rel=\"noopener\">Combate ao Ass\u00e9dio Eleitoral (Anamatra)<\/a><br \/>\n<\/span><span style=\"color: #0000ff;\"><a style=\"color: #0000ff;\" href=\"http:\/\/www.emater.ro.gov.br\/ematerro\/wp-content\/uploads\/2025\/07\/20250716-cartilha_sobre_a_prevencao_e_o_enfrentamentoa__ao_assedio_moral_e_sexual_e_a_discriminacao___tribunal_de_justica_de_rondonia.pdf\" target=\"_blank\" rel=\"noopener\">Discrimina\u00e7\u00e3o, Ass\u00e9dio Moral e Sexual no Trabalho<\/a><\/span><br \/>\n<a href=\"http:\/\/www.emater.ro.gov.br\/ematerro\/wp-content\/uploads\/2025\/07\/20250716-cartilha_assedio_sexual_no_trabalho___mpt.pdf\" target=\"_blank\" rel=\"noopener\"><span style=\"color: #0000ff;\">Viol\u00eancia e Ass\u00e9dio Sexual no Trabalho (MPT)<\/span><\/a><\/p>\n<p><strong>INSTITUCIONAL<br \/>\n<\/strong><a href=\"http:\/\/www.emater.ro.gov.br\/ematerro\/wp-content\/uploads\/2025\/05\/20250505-cartilha_ginastica_laboral___oficial.pdf\" target=\"_blank\" rel=\"noopener\"><span style=\"color: #0000ff;\">Gin\u00e1stica Laboral<\/span><\/a><\/p>\n<p><strong>OLERICULTURA<\/strong><br \/>\n<a href=\"http:\/\/www.emater.ro.gov.br\/ematerro\/wp-content\/uploads\/2021\/07\/20210716-cultura-do-inhame.pdf\" target=\"_blank\" rel=\"noopener\"><span style=\"color: #0000ff;\">Cultura do Inhame<\/span><\/a><br \/>\n<a href=\"http:\/\/www.emater.ro.gov.br\/ematerro\/wp-content\/uploads\/2021\/07\/20210716-cartilha-cultivo-de-urucum.pdf\" target=\"_blank\" rel=\"noopener\"><span style=\"color: #0000ff;\">Cultivo de Urucum<\/span><\/a><br \/>\n<a href=\"http:\/\/www.emater.ro.gov.br\/ematerro\/wp-content\/uploads\/2021\/07\/20210716-cartilha-cultive-sua-horta.pdf\" target=\"_blank\" rel=\"noopener\"><span style=\"color: #0000ff;\">Cultive sua Horta Dom\u00e9stica<\/span><\/a><\/p>\n<p><strong>PISCICULTURA<\/strong><br \/>\n<span style=\"color: #0000ff;\"><a style=\"color: #0000ff;\" href=\"http:\/\/www.emater.ro.gov.br\/ematerro\/wp-content\/uploads\/2022\/04\/20220427-cartilha-piscicultura_.pdf\" target=\"_blank\" rel=\"noopener\">No\u00e7\u00f5es B\u00e1sicas de Piscicultura<\/a><\/span><\/p>\n<p><strong>\u00a0<\/strong><\/p>\n","protected":false},"excerpt":{"rendered":"<p>AGROIND\u00daSTRIA Agroind\u00fastria Familiar &#8211; Procedimento Padr\u00e3o de Boas Pr\u00e1ticas de Produ\u00e7\u00e3o ASSIST\u00caNCIA SOCIAL Mam\u00e3e Cheguei &#8211; Caderno de Orienta\u00e7\u00f5es AVICULTURA Galinha Caipira Moderna-Orienta\u00e7\u00f5es para cria\u00e7\u00e3o em Porto Velho BOVINOCULTURA &#8211;\u00a0 [&hellip;]<\/p>\n","protected":false},"author":1,"featured_media":0,"parent":141,"menu_order":0,"comment_status":"closed","ping_status":"closed","template":"","meta":[],"_links":{"self":[{"href":"http:\/\/www.emater.ro.gov.br\/ematerro\/wp-json\/wp\/v2\/pages\/6347"}],"collection":[{"href":"http:\/\/www.emater.ro.gov.br\/ematerro\/wp-json\/wp\/v2\/pages"}],"about":[{"href":"http:\/\/www.emater.ro.gov.br\/ematerro\/wp-json\/wp\/v2\/types\/page"}],"author":[{"embeddable":true,"href":"http:\/\/www.emater.ro.gov.br\/ematerro\/wp-json\/wp\/v2\/users\/1"}],"replies":[{"embeddable":true,"href":"http:\/\/www.emater.ro.gov.br\/ematerro\/wp-json\/wp\/v2\/comments?post=6347"}],"version-history":[{"count":60,"href":"http:\/\/www.emater.ro.gov.br\/ematerro\/wp-json\/wp\/v2\/pages\/6347\/revisions"}],"predecessor-version":[{"id":18001,"href":"http:\/\/www.emater.ro.gov.br\/ematerro\/wp-json\/wp\/v2\/pages\/6347\/revisions\/18001"}],"up":[{"embeddable":true,"href":"http:\/\/www.emater.ro.gov.br\/ematerro\/wp-json\/wp\/v2\/pages\/141"}],"wp:attachment":[{"href":"http:\/\/www.emater.ro.gov.br\/ematerro\/wp-json\/wp\/v2\/media?parent=6347"}],"curies":[{"name":"wp","href":"https:\/\/api.w.org\/{rel}","templated":true}]}}