{"id":5968,"date":"2018-12-12T12:31:18","date_gmt":"2018-12-12T16:31:18","guid":{"rendered":"http:\/\/www.emater.ro.gov.br\/ematerro\/?page_id=5968"},"modified":"2018-12-14T11:37:52","modified_gmt":"2018-12-14T15:37:52","slug":"contratos-servicos-2015","status":"publish","type":"page","link":"http:\/\/www.emater.ro.gov.br\/ematerro\/contratos-servicos-2015\/","title":{"rendered":"Contratos de servi\u00e7os e compras 2015"},"content":{"rendered":"<table style=\"height: 2295px;\" width=\"1264\">\n<tbody>\n<tr>\n<td width=\"72\"><strong>PROCESSO<\/strong><\/td>\n<td width=\"83\"><strong>N.\u00ba CONT.<\/strong><\/td>\n<td width=\"237\"><strong>OBJETO<\/strong><\/td>\n<td width=\"309\"><strong>FORNECEDOR<\/strong><\/td>\n<td width=\"184\"><strong>CNPJ\/CPF<\/strong><\/td>\n<td width=\"183\"><strong>VIG\u00caNCIA<\/strong><\/td>\n<td width=\"110\"><strong>VALOR<\/strong><\/td>\n<td width=\"59\"><strong>Aditivos<\/strong><\/td>\n<\/tr>\n<tr>\n<td><a href=\"http:\/\/www.emater.ro.gov.br\/ematerro\/wp-content\/uploads\/2018\/12\/CONTRATO-001-2015-Loca\u00e7\u00e3o-Im\u00f3vel-Esloc.-Nova-Calif\u00f3rnia.pdf\">1299\/2014<\/a><\/td>\n<td>01\/2015<\/td>\n<td width=\"237\">LOCA\u00c7\u00c3O\u00a0 IM\u00d3VEL NOVA CALIFORNIA<\/td>\n<td>OSNEY RODRIGUES DA SILVA<\/td>\n<td>808.547.882-04<\/td>\n<td width=\"183\">03\/03\/2015 A 03\/03\/2016<\/td>\n<td>\u00a0R$\u00a0\u00a0\u00a0 18.000,00<\/td>\n<td><\/td>\n<\/tr>\n<tr>\n<td width=\"72\">050\/2015<\/td>\n<td>02\/2015<\/td>\n<td width=\"237\">MANUTEN\u00c7\u00c3O E FORNECIMENTO DE PE\u00c7AS<\/td>\n<td width=\"309\">CRIOT\u00c9CNICA SERVICOS E PE\u00c7AS EM CRIOGENIA-ME<\/td>\n<td>55.389.241\/0001-66<\/td>\n<td width=\"183\">12\/03\/2015 A 12\/03\/2016<\/td>\n<td width=\"110\">\u00a0R$\u00a0\u00a0\u00a0\u00a0\u00a0 3.867,00<\/td>\n<td><\/td>\n<\/tr>\n<tr>\n<td width=\"72\"><\/td>\n<td>03\/2015<\/td>\n<td colspan=\"5\" width=\"1023\">Numera\u00e7\u00e3o n\u00e3o utilizada<\/td>\n<td><\/td>\n<\/tr>\n<tr>\n<td width=\"72\">928\/2014<\/td>\n<td>04\/2015<\/td>\n<td width=\"237\">INTERNET VIA R\u00c1DIO<\/td>\n<td width=\"309\">UZZY SERV. INFORMATICA<\/td>\n<td width=\"184\">Contrato n\u00e3o emitido com essa numera\u00e7\u00e3o<\/td>\n<td width=\"183\">Contrato n\u00e3o emitido com essa numera\u00e7\u00e3o<\/td>\n<td width=\"110\">Contrato n\u00e3o emitido com essa numera\u00e7\u00e3o<\/td>\n<td><\/td>\n<\/tr>\n<tr>\n<td width=\"72\">928\/2014<\/td>\n<td>05\/2015<\/td>\n<td width=\"237\">INTERNET VIA R\u00c1DIO<\/td>\n<td width=\"309\">WN. SERV. DE INFORM\u00c1TICA<\/td>\n<td width=\"184\">Contrato n\u00e3o emitido com essa numera\u00e7\u00e3o<\/td>\n<td width=\"183\">Contrato n\u00e3o emitido com essa numera\u00e7\u00e3o<\/td>\n<td width=\"110\">Contrato n\u00e3o emitido com essa numera\u00e7\u00e3o<\/td>\n<td><\/td>\n<\/tr>\n<tr>\n<td width=\"72\">928\/2014<\/td>\n<td>06\/2015<\/td>\n<td width=\"237\">INTERNET VIA R\u00c1DIO<\/td>\n<td width=\"309\">WN. SERV. DE INFORM\u00c1TICA<\/td>\n<td width=\"184\">Contrato n\u00e3o emitido com essa numera\u00e7\u00e3o<\/td>\n<td width=\"183\">Contrato n\u00e3o emitido com essa numera\u00e7\u00e3o<\/td>\n<td width=\"110\">Contrato n\u00e3o emitido com essa numera\u00e7\u00e3o<\/td>\n<td><\/td>\n<\/tr>\n<tr>\n<td width=\"72\"><a href=\"http:\/\/www.emater.ro.gov.br\/ematerro\/wp-content\/uploads\/2018\/12\/CONTRATO-007-2015-Anuidade-ASBRAER.pdf\">06\/2015<\/a><\/td>\n<td>07\/2015<\/td>\n<td width=\"237\">MENSALIDADE ASBRAER<\/td>\n<td width=\"309\">ASSOCIA\u00c7\u00c3O BRASILEIRA DE ENTIDADES ESTADUAIS DE ASSIT\u00caNCIA T\u00c9CNICA\u00a0 E EXTENS\u00c3O RURAL<\/td>\n<td>26.446.062\/0001-15<\/td>\n<td width=\"183\">04\/05\/2015 A 04\/09\/2015<\/td>\n<td width=\"110\">\u00a0R$\u00a0\u00a0\u00a0 46.240,00<\/td>\n<td><\/td>\n<\/tr>\n<tr>\n<td width=\"72\"><a href=\"http:\/\/www.emater.ro.gov.br\/ematerro\/wp-content\/uploads\/2018\/12\/CONTRATO-008-2015-Locacao-Imovel-Esloc.-Cujubim.pdf\">052\/2015<\/a><\/td>\n<td>08\/2015<\/td>\n<td width=\"237\">LOCA\u00c7\u00c3O IM\u00d3VEL CUJUBIM<\/td>\n<td width=\"309\">FRANCISCO JOS\u00c9 DOS SANTOS<\/td>\n<td>132.356.304-06<\/td>\n<td width=\"183\">01\/03\/2015 A 29\/02\/2016<\/td>\n<td width=\"110\">\u00a0R$\u00a0\u00a0\u00a0\u00a0\u00a0 9.456,00<\/td>\n<td><\/td>\n<\/tr>\n<tr>\n<td width=\"72\"><a href=\"http:\/\/www.emater.ro.gov.br\/ematerro\/wp-content\/uploads\/2018\/12\/CONTRATO-009-2015-Agua-encanada-da-CAERD.pdf\">122\/2015<\/a><\/td>\n<td>09\/2015<\/td>\n<td width=\"237\">FORNECIMENTO DE \u00c1GUA<\/td>\n<td width=\"309\">COMPANHIA DE \u00c1GUAS E ESGOTOS DE ROND\u00d4NIA &#8211; CAERD<\/td>\n<td width=\"184\">05.914.254\/0001-39<\/td>\n<td width=\"183\">04\/05\/2015 A 04\/01\/2016<\/td>\n<td width=\"110\">\u00a0R$\u00a0\u00a0\u00a0 80.000,00<\/td>\n<td><\/td>\n<\/tr>\n<tr>\n<td width=\"72\"><a href=\"http:\/\/www.emater.ro.gov.br\/ematerro\/wp-content\/uploads\/2018\/12\/CONTRATO-010-2015-Internet-Via-Radio-Esloc.-Distrito-de-Nova-Colina.pdf\">928\/2014<\/a><\/td>\n<td>10\/2015<\/td>\n<td width=\"237\">INTERNET VIA R\u00c1DIO NOVA COLINA<\/td>\n<td width=\"309\">WN SERVI\u00c7OS DE INF. LTDA &#8211; ME<\/td>\n<td width=\"184\">10.543.936\/0001-12<\/td>\n<td width=\"183\">05\/05\/2015 A 05\/05\/2016<\/td>\n<td width=\"110\">\u00a0R$\u00a0\u00a0\u00a0\u00a0\u00a0 1.140,00<\/td>\n<td><\/td>\n<\/tr>\n<tr>\n<td width=\"72\"><a href=\"http:\/\/www.emater.ro.gov.br\/ematerro\/wp-content\/uploads\/2018\/12\/CONTRATO-011-2015-Internet-Via-Radio-Esloc.-Distrito-de-Rondominas.pdf\">928\/2014<\/a><\/td>\n<td>11\/2015<\/td>\n<td width=\"237\">INTERNET VIA R\u00c1DIO RONDOMINAS<\/td>\n<td>WN SERVI\u00c7OS DE INF. LTDA &#8211; ME<\/td>\n<td width=\"184\">10.543.936\/0001-12<\/td>\n<td width=\"183\">05\/05\/2015 A 05\/05\/2016<\/td>\n<td width=\"110\">\u00a0R$\u00a0\u00a0\u00a0\u00a0\u00a0 1.836,00<\/td>\n<td><\/td>\n<\/tr>\n<tr>\n<td width=\"72\"><a href=\"http:\/\/www.emater.ro.gov.br\/ematerro\/wp-content\/uploads\/2018\/12\/CONTRATO-012-2015-Agua-encanada-Esloc.-Alta-Floresta.pdf\">185\/2015<\/a><\/td>\n<td>12\/2015<\/td>\n<td width=\"237\">\u00c1GUA ENCANADA ALTA FLORESTA<\/td>\n<td width=\"309\">SERVI\u00c7O AUTONOMO DE \u00c1GUA E ESGOTO DE ALTA FLORESTA<\/td>\n<td>02.964.910\/0001-10<\/td>\n<td width=\"183\">01\/06\/2015 A 01\/06\/2016<\/td>\n<td width=\"110\">\u00a0R$\u00a0\u00a0\u00a0\u00a0\u00a0\u00a0\u00a0\u00a0 800,00<\/td>\n<td><\/td>\n<\/tr>\n<tr>\n<td width=\"72\"><a href=\"http:\/\/www.emater.ro.gov.br\/ematerro\/wp-content\/uploads\/2018\/12\/CONTRATO-013-2015-Ata-de-Registro-de-Pre\u00e7o-Fornecimento-de-Refeicao-Esreg.-Pimenta-Bueno.pdf\">033\/2015<\/a><\/td>\n<td>13\/2015<\/td>\n<td width=\"237\">SELF-SERVICE P. BUENO<\/td>\n<td width=\"309\">COMERCIAL DE ALIMENTOS AD LTDA<\/td>\n<td>84.579.846\/0001-18<\/td>\n<td width=\"183\">14\/08\/2015 A 14\/08\/2016<\/td>\n<td width=\"110\">\u00a0R$\u00a0\u00a0\u00a0 14.300,00<\/td>\n<td><\/td>\n<\/tr>\n<tr>\n<td width=\"72\"><a href=\"http:\/\/www.emater.ro.gov.br\/ematerro\/wp-content\/uploads\/2018\/12\/CONTRATO-014-2015-Locacao-Imovel-Esloc.-Candeias.pdf\">123\/2015<\/a><\/td>\n<td>14\/2015<\/td>\n<td width=\"237\">LOCA\u00c7\u00c3O IM\u00d3VEL CANDEIAS<\/td>\n<td>PEDRO DE JESUS BAPTISTA<\/td>\n<td>437.003.141-91<\/td>\n<td width=\"183\">01\/07\/2015 A 01\/07\/2016<\/td>\n<td width=\"110\">\u00a0R$\u00a0\u00a0\u00a0 21.600,00<\/td>\n<td><\/td>\n<\/tr>\n<tr>\n<td width=\"72\"><\/td>\n<td>15\/2015<\/td>\n<td colspan=\"5\" width=\"1023\">Numera\u00e7\u00e3o n\u00e3o utilizada<\/td>\n<td><\/td>\n<\/tr>\n<tr>\n<td width=\"72\"><a href=\"http:\/\/www.emater.ro.gov.br\/ematerro\/wp-content\/uploads\/2018\/12\/CONTRATO-016-2015-Publicacao-de-atos-em-Jornal-de-Grande-Circulacao.pdf\">245\/2015<\/a><\/td>\n<td>16\/2015<\/td>\n<td width=\"237\">PUBLICA\u00c7\u00c3O EM JORNAL<\/td>\n<td width=\"309\">EDITORA JORNAL\u00cdSTICA MADEIR\u00c3O LTDA<\/td>\n<td>18.693.751\/0001-04<\/td>\n<td width=\"183\">20\/07\/2015 A 20\/07\/2016<\/td>\n<td width=\"110\">\u00a0R$\u00a0\u00a0\u00a0 10.890,00<\/td>\n<td><\/td>\n<\/tr>\n<tr>\n<td width=\"72\"><a href=\"http:\/\/www.emater.ro.gov.br\/ematerro\/wp-content\/uploads\/2018\/12\/CONTRATO-017-2015-Manutenco-em-Relogio-de-Ponto-biometrico.pdf\">200\/2015<\/a><\/td>\n<td>17\/2015<\/td>\n<td width=\"237\">MANUTEN\u00c7\u00c3O RELOGIO DE PONTO<\/td>\n<td width=\"309\">WORK SOFT COM\u00c9RCIO DE INFORM\u00c1TICA E SERVI\u00c7OS LTDA-ME<\/td>\n<td>10.692.111\/0001-60<\/td>\n<td width=\"183\">20\/07\/2015 A 20\/07\/2016<\/td>\n<td width=\"110\">\u00a0R$\u00a0\u00a0\u00a0 16.581,54<\/td>\n<td><\/td>\n<\/tr>\n<tr>\n<td width=\"72\"><a href=\"http:\/\/www.emater.ro.gov.br\/ematerro\/wp-content\/uploads\/2018\/12\/CONTRATO-018-2015-Manutencao-do-Sistema-Informatizado-SIGMA.pdf\">266\/2015<\/a><\/td>\n<td>18\/2015<\/td>\n<td width=\"237\">MANUTEN\u00c7\u00c3O DE SISTEMA INFORMATIZADO<\/td>\n<td width=\"309\">SIGMA SISTEMAS DE INFORM\u00c1TICA LTDA-ME,<\/td>\n<td>14.441.332\/0001-16<\/td>\n<td width=\"183\">23\/07\/2015 A 23\/07\/2016<\/td>\n<td width=\"110\">\u00a0R$\u00a0\u00a0\u00a0 98.382,72<\/td>\n<td><\/td>\n<\/tr>\n<tr>\n<td width=\"72\"><\/td>\n<td>19\/2015<\/td>\n<td colspan=\"5\" width=\"1023\">Numera\u00e7\u00e3o n\u00e3o utilizada<\/td>\n<td><\/td>\n<\/tr>\n<tr>\n<td width=\"72\"><a href=\"http:\/\/www.emater.ro.gov.br\/ematerro\/wp-content\/uploads\/2018\/12\/CONTRATO-020-2015-Aquisicao-de-sistema-organizacional-sob-medida.pdf\">261\/2015<\/a><\/td>\n<td>20\/2015<\/td>\n<td width=\"237\">PROJETOS SOB MEIDAS<\/td>\n<td width=\"309\">OFC IND\u00daSTRIA E COM\u00c9RCIO DE PRODUTOS PARA ESCRIT\u00d3RIOS LTDA<\/td>\n<td>04.756.408\/0001-49<\/td>\n<td width=\"183\">20\/08\/2015 A 20\/08\/2016<\/td>\n<td width=\"110\">\u00a0R$\u00a0\u00a0\u00a0 94.960,00<\/td>\n<td><\/td>\n<\/tr>\n<tr>\n<td width=\"72\"><a href=\"http:\/\/www.emater.ro.gov.br\/ematerro\/wp-content\/uploads\/2018\/12\/CONTRATO-021-2015-agua-encanada-Esloc.-Chupinguaia.pdf\">052\/2015<\/a><\/td>\n<td>21\/2015<\/td>\n<td width=\"237\">\u00c1GUA ENCANADA<\/td>\n<td width=\"309\">SERVI\u00c7O AUTONOMO DE \u00c1GUA E ESGOTO DE CHUPINGUAIA<\/td>\n<td>01.587.887\/0001-29<\/td>\n<td width=\"183\">01\/09\/2015 A 01\/09\/2016<\/td>\n<td width=\"110\">\u00a0R$\u00a0\u00a0\u00a0\u00a0\u00a0\u00a0\u00a0\u00a0 500,00<\/td>\n<td><\/td>\n<\/tr>\n<tr>\n<td width=\"72\"><a href=\"http:\/\/www.emater.ro.gov.br\/ematerro\/wp-content\/uploads\/2018\/12\/CONTRATO-022-2015-Servi\u00e7o-de-Chaveiro-24-horas.pdf\">047\/2015<\/a><\/td>\n<td>22\/2015<\/td>\n<td>CHAVEIRO 24 HORAS<\/td>\n<td>EMPRESA LAJA LTDA &#8211; ME<\/td>\n<td>05.887.870\/0001-48<\/td>\n<td width=\"183\">08\/09\/2015 A 08\/09\/2016<\/td>\n<td width=\"110\">\u00a0R$\u00a0\u00a0\u00a0\u00a0\u00a0 5.786,00<\/td>\n<td><\/td>\n<\/tr>\n<tr>\n<td width=\"72\"><a href=\"http:\/\/www.emater.ro.gov.br\/ematerro\/wp-content\/uploads\/2018\/12\/CONTRATO-023-2015-Locacao-Imovel-Esloc.-Calama.pdf\">410\/2015<\/a><\/td>\n<td>23\/2015<\/td>\n<td width=\"237\">LOCA\u00c7\u00c3O IM\u00d3VEL DE CALAMA<\/td>\n<td width=\"309\">UNI\u00c3O NOROESTE BRASILEIRA DA IGREJA ADVENTISTA DO S\u00c9TIMO DIA<\/td>\n<td>11.200.726\/0001-41<\/td>\n<td width=\"183\">01\/10\/2015 A 01\/10\/2016<\/td>\n<td width=\"110\">\u00a0R$\u00a0\u00a0\u00a0 14.490,00<\/td>\n<td><\/td>\n<\/tr>\n<tr>\n<td width=\"72\"><a href=\"http:\/\/www.emater.ro.gov.br\/ematerro\/wp-content\/uploads\/2018\/12\/CONTRATO-023-2015-Prestacao-de-Servicos-Quimicos.pdf\">277\/2015<\/a><\/td>\n<td>23\/2015<\/td>\n<td width=\"237\">SERVI\u00c7OS NA \u00c1REA QUIMICA<\/td>\n<td width=\"309\">EDUARDO DA SILVA NOBRE<\/td>\n<td>741.387.232-34<\/td>\n<td width=\"183\">21\/12\/2015 A 21\/12\/2016<\/td>\n<td width=\"110\">\u00a0R$\u00a0\u00a0\u00a0 20.280,00<\/td>\n<td><\/td>\n<\/tr>\n<tr>\n<td width=\"72\"><a href=\"http:\/\/www.emater.ro.gov.br\/ematerro\/wp-content\/uploads\/2018\/12\/CONTRATO-024-2015-Locacao-Imovel-Esloc.-Vista-Alegre-do-Abuna.pdf\">417\/2015<\/a><\/td>\n<td>24\/2015<\/td>\n<td width=\"237\">LOCA\u00c7\u00c3O IM\u00d3VEL DE VISTA ALEGRE<\/td>\n<td width=\"309\">DIEGO WALLACE STEVANELLI FLORES<\/td>\n<td>019.616.272-64<\/td>\n<td width=\"183\">01\/10\/2015 A 01\/10\/2016<\/td>\n<td width=\"110\">\u00a0R$\u00a0\u00a0\u00a0 16.200,00<\/td>\n<td><\/td>\n<\/tr>\n<tr>\n<td width=\"72\"><a href=\"http:\/\/www.emater.ro.gov.br\/ematerro\/wp-content\/uploads\/2018\/12\/CONTRATO-025-2015-Aquisicao-de-Generos-Alimenticios.pdf\">343\/2015<\/a><\/td>\n<td>25\/2015<\/td>\n<td>G\u00caNERO ALIMENTICIO<\/td>\n<td>ISAAC JULIO DA SILVA &#8211; ME<\/td>\n<td>332.174.752-91<\/td>\n<td width=\"183\">01\/10\/2015 A 01\/04\/2016<\/td>\n<td>\u00a0R$\u00a0\u00a0\u00a0\u00a0\u00a0\u00a0\u00a0\u00a0 850,00<\/td>\n<td><\/td>\n<\/tr>\n<tr>\n<td width=\"72\"><a href=\"http:\/\/www.emater.ro.gov.br\/ematerro\/wp-content\/uploads\/2018\/12\/CONTRATO-026-2015-Agua-encanada-Esloc.-Alto-Alegre-dos-Parecis.pdf\">442\/2015<\/a><\/td>\n<td>26\/2015<\/td>\n<td>\u00c1GUA TRATADA<\/td>\n<td width=\"309\">SERVI\u00c7O AUTONOMO DE \u00c1GUA E ESGOTO DE ALTO ALEGRE DOS PARECIS<\/td>\n<td>19.433.497\/0001-60<\/td>\n<td width=\"183\">01\/11\/2015 A 01\/11\/2016<\/td>\n<td>\u00a0R$\u00a0\u00a0\u00a0\u00a0\u00a0 1.800,00<\/td>\n<td><\/td>\n<\/tr>\n<tr>\n<td width=\"72\"><a href=\"http:\/\/www.emater.ro.gov.br\/ematerro\/wp-content\/uploads\/2018\/12\/CONTRATO-027-2015-Programa-de-Radio.pdf\">351\/2015<\/a><\/td>\n<td>27\/2015<\/td>\n<td width=\"237\">TRANSMISS\u00c3O DE PROGRAMA RADIOF\u00d4NICO<\/td>\n<td width=\"309\">SOCIEDADE DE CULTURA R\u00c1DIO CAIARI LTDA &#8211; EPP<\/td>\n<td>05.904.727\/0001-17<\/td>\n<td width=\"183\">01\/11\/2015 A 01\/11\/2016<\/td>\n<td>\u00a0R$\u00a0\u00a0\u00a0 26.499,96<\/td>\n<td><\/td>\n<\/tr>\n<tr>\n<td width=\"72\"><a href=\"http:\/\/www.emater.ro.gov.br\/ematerro\/wp-content\/uploads\/2018\/12\/CONTRATO-028-2015-Aquisicao-de-Generos-Alimenticios.pdf\">521\/2015<\/a><\/td>\n<td>28\/2015<\/td>\n<td>G\u00caNERO ALIMENTICIO<\/td>\n<td>ISAAC JULIO DA SILVA &#8211; ME<\/td>\n<td>10.732.722\/0001-94<\/td>\n<td width=\"183\">21\/10\/2015 A 21\/04\/2016<\/td>\n<td>\u00a0R$\u00a0\u00a0\u00a0\u00a0\u00a0 2.995,62<\/td>\n<td><\/td>\n<\/tr>\n<tr>\n<td><a href=\"http:\/\/www.emater.ro.gov.br\/ematerro\/wp-content\/uploads\/2018\/12\/CONTRATO-029-2015-Aquisicao-de-Tonner-83-A.pdf\">355\/2015<\/a><\/td>\n<td>29\/2015<\/td>\n<td>AQUISI\u00c7\u00c3O DE TONNER 83 A<\/td>\n<td width=\"309\">OLIANI COM\u00c9RCIO DE PRODUTOS DE INFORM\u00c1TICA E PAPELARIA LTDA<\/td>\n<td>07.081.791\/0001-70<\/td>\n<td width=\"183\">13\/10\/2015 A 13\/05\/2016<\/td>\n<td>\u00a0R$\u00a0\u00a0\u00a0 82.495,00<\/td>\n<td><\/td>\n<\/tr>\n<tr>\n<td><a href=\"http:\/\/www.emater.ro.gov.br\/ematerro\/wp-content\/uploads\/2018\/12\/CONTRATO-030-2015-Aquisicao-de-Tonner-55-A.pdf\">355\/2015<\/a><\/td>\n<td>30\/2015<\/td>\n<td>AQUISI\u00c7\u00c3O DE TONNER 83 A<\/td>\n<td width=\"309\">D &amp; C COM\u00c9RCIO E SERVI\u00c7OS EIRELI &#8211; EPP<\/td>\n<td>18.570.845\/0001-88<\/td>\n<td width=\"183\">13\/10\/2015 A 13\/05\/2016<\/td>\n<td>\u00a0R$\u00a0\u00a0\u00a0\u00a0\u00a0 3.588,00<\/td>\n<td><\/td>\n<\/tr>\n<tr>\n<td><a href=\"http:\/\/www.emater.ro.gov.br\/ematerro\/wp-content\/uploads\/2018\/12\/CONTRATO-031-2015-Aquisicao-de-Tonner-TK-352.pdf\">355\/2015<\/a><\/td>\n<td>31\/2015<\/td>\n<td>SUPRIMENTO DE INFORM\u00c1TICA<\/td>\n<td>\u00a0F3 COMERCIAL LTDA &#8211; EPP<\/td>\n<td>84.620.889\/0001-08<\/td>\n<td width=\"183\">13\/10\/2015 A 13\/05\/2016<\/td>\n<td>\u00a0R$\u00a0\u00a0\u00a0\u00a0\u00a0 8.510,00<\/td>\n<td><\/td>\n<\/tr>\n<tr>\n<td><a href=\"http:\/\/www.emater.ro.gov.br\/ematerro\/wp-content\/uploads\/2018\/12\/CONTRATO-032-2015-Aquisicao-de-Generos-Aliment\u00edcios.pdf\">522\/2015<\/a><\/td>\n<td>32\/2015<\/td>\n<td>G\u00caNEROS ALIMENTICIOS<\/td>\n<td width=\"309\">CICERO CARLO RIBEIRO EIRELLI &#8211; ME<\/td>\n<td>19.634.357\/0001-50<\/td>\n<td width=\"183\">05\/10\/2015 A 05\/04\/2016<\/td>\n<td>\u00a0R$\u00a0\u00a0\u00a0\u00a0\u00a0 2.183,10<\/td>\n<td><\/td>\n<\/tr>\n<tr>\n<td><a href=\"http:\/\/www.emater.ro.gov.br\/ematerro\/wp-content\/uploads\/2018\/12\/CONTRATO-033-2015-Aquisicao-de-Generos-Alimenticios.pdf\">523\/2015<\/a><\/td>\n<td>33\/2015<\/td>\n<td>G\u00caNEROS ALIMENTICIOS<\/td>\n<td width=\"309\">L. M. COM\u00c9RCIO DE PRODUTOS ALIMENT\u00cdCIOS LTDA<\/td>\n<td>05.659.230\/0001-80<\/td>\n<td width=\"183\">06\/10\/2015 A 06\/04\/2016<\/td>\n<td>\u00a0R$\u00a0\u00a0\u00a0\u00a0\u00a0 1.931,04<\/td>\n<td><\/td>\n<\/tr>\n<tr>\n<td><a href=\"http:\/\/www.emater.ro.gov.br\/ematerro\/wp-content\/uploads\/2018\/12\/CONTRATO-034-2015-Locacao-Imovel-Esloc.-Distrito-de-Colina-Verde.pdf\">408\/2015<\/a><\/td>\n<td>34\/2015<\/td>\n<td width=\"237\">LOCA\u00c7\u00c3O DE IMOV\u00c9L COLINA VERDE<\/td>\n<td width=\"309\">ANA PAULA DA SILVA BARBOSA<\/td>\n<td>054.435.979-81<\/td>\n<td width=\"183\">01\/11\/2015 a 01\/11\/2016<\/td>\n<td>R$ 8.688,00<\/td>\n<td><\/td>\n<\/tr>\n<tr>\n<td><a href=\"http:\/\/www.emater.ro.gov.br\/ematerro\/wp-content\/uploads\/2018\/12\/CONTRATO-035-2015-Aquisicao-de-Gas-Butano.pdf\">503\/2015<\/a><\/td>\n<td>35\/2015<\/td>\n<td>AQUISI\u00c7\u00c3O DE G\u00c1S BUTANO<\/td>\n<td>CENTER G\u00c1S LTDA<\/td>\n<td>08.930.073\/0001-94<\/td>\n<td width=\"183\">05\/11\/2015 A 05\/05\/2016<\/td>\n<td>\u00a0R$\u00a0\u00a0\u00a0\u00a0\u00a0 2.520,00<\/td>\n<td><\/td>\n<\/tr>\n<tr>\n<td><a href=\"http:\/\/www.emater.ro.gov.br\/ematerro\/wp-content\/uploads\/2018\/12\/CONTRATO-036-2015-Internet-Via-R\u00e1dio-Esloc.-Distrito-Estrela-de-Rond\u00f4nia.pdf\">928\/2014<\/a><\/td>\n<td>36\/2015<\/td>\n<td width=\"237\">INTERNET VIA R\u00c1DIO ESTRELA DE ROND\u00d4NIA<\/td>\n<td width=\"309\">UZZY TELECOM COM\u00c9RCIO E SERVI\u00c7OS LTDA<\/td>\n<td>11.767.980\/0001-79<\/td>\n<td width=\"183\">03\/11\/2015 A 03\/11\/2016<\/td>\n<td>\u00a0R$\u00a0\u00a0\u00a0\u00a0\u00a0 1.536,00<\/td>\n<td><\/td>\n<\/tr>\n<\/tbody>\n<\/table>\n<p>&nbsp;<\/p>\n","protected":false},"excerpt":{"rendered":"<p>PROCESSO N.\u00ba CONT. OBJETO FORNECEDOR CNPJ\/CPF VIG\u00caNCIA VALOR Aditivos 1299\/2014 01\/2015 LOCA\u00c7\u00c3O\u00a0 IM\u00d3VEL NOVA CALIFORNIA OSNEY RODRIGUES DA SILVA 808.547.882-04 03\/03\/2015 A 03\/03\/2016 \u00a0R$\u00a0\u00a0\u00a0 18.000,00 050\/2015 02\/2015 MANUTEN\u00c7\u00c3O E FORNECIMENTO [&hellip;]<\/p>\n","protected":false},"author":1,"featured_media":0,"parent":0,"menu_order":0,"comment_status":"closed","ping_status":"closed","template":"page-templates\/template-full-width.php","meta":[],"_links":{"self":[{"href":"http:\/\/www.emater.ro.gov.br\/ematerro\/wp-json\/wp\/v2\/pages\/5968"}],"collection":[{"href":"http:\/\/www.emater.ro.gov.br\/ematerro\/wp-json\/wp\/v2\/pages"}],"about":[{"href":"http:\/\/www.emater.ro.gov.br\/ematerro\/wp-json\/wp\/v2\/types\/page"}],"author":[{"embeddable":true,"href":"http:\/\/www.emater.ro.gov.br\/ematerro\/wp-json\/wp\/v2\/users\/1"}],"replies":[{"embeddable":true,"href":"http:\/\/www.emater.ro.gov.br\/ematerro\/wp-json\/wp\/v2\/comments?post=5968"}],"version-history":[{"count":14,"href":"http:\/\/www.emater.ro.gov.br\/ematerro\/wp-json\/wp\/v2\/pages\/5968\/revisions"}],"predecessor-version":[{"id":6120,"href":"http:\/\/www.emater.ro.gov.br\/ematerro\/wp-json\/wp\/v2\/pages\/5968\/revisions\/6120"}],"wp:attachment":[{"href":"http:\/\/www.emater.ro.gov.br\/ematerro\/wp-json\/wp\/v2\/media?parent=5968"}],"curies":[{"name":"wp","href":"https:\/\/api.w.org\/{rel}","templated":true}]}}