{"id":506,"date":"2016-07-20T12:17:36","date_gmt":"2016-07-20T16:17:36","guid":{"rendered":"http:\/\/www.emater.ro.gov.br\/ematerro\/?page_id=506"},"modified":"2020-12-01T09:03:55","modified_gmt":"2020-12-01T13:03:55","slug":"meio-ambiente-e-sustentabilidade","status":"publish","type":"page","link":"http:\/\/www.emater.ro.gov.br\/ematerro\/meio-ambiente-e-sustentabilidade\/","title":{"rendered":"MEIO AMBIENTE E SUSTENTABILIDADE"},"content":{"rendered":"<p style=\"text-align: justify;\">A Emater\u2013RO desenvolve diversos atividade no Estado, voltados para a educa\u00e7\u00e3o, conserva\u00e7\u00e3o e regularidade ambiental e tamb\u00e9m para a promo\u00e7\u00e3o de pr\u00e1ticas produtivas que n\u00e3o agridam o ambiente. A Empresa atua nas comunidades,\u00a0especialmente nas rurais, por meio de a\u00e7\u00f5es que promovam o equil\u00edbrio entre o crescimento econ\u00f4mico e a preserva\u00e7\u00e3o do meio ambiente, buscando a harmonia entre a tecnologia da produ\u00e7\u00e3o rural e a sustentabilidade.<\/p>\n<ul style=\"text-align: justify;\">\n<li><strong>CADASTRO AMBIENTAL RURAL-CAR<\/strong><\/li>\n<\/ul>\n<p style=\"text-align: justify;\">O Novo C\u00f3digo Florestal define o\u00a0<strong>CAR<\/strong>\u00a0como: um registro p\u00fablico eletr\u00f4nico de \u00e2mbito nacional, obrigat\u00f3rio para todos os im\u00f3veis rurais, com a finalidade de integrar informa\u00e7\u00f5es ambientais das propriedades e posses rurais, compondo base de dados para controle, monitoramento, planejamento ambiental e econ\u00f4mico.<\/p>\n<ol style=\"text-align: justify;\">\n<li><strong>O que \u00e9 necess\u00e1rio para fazer o CAR?<\/strong><\/li>\n<\/ol>\n<p style=\"text-align: justify;\"><strong>1.1.1. Dados pessoais do cadastrante:<\/strong><\/p>\n<ul style=\"text-align: justify;\">\n<li>Nome;<\/li>\n<li>CPF;<\/li>\n<li>Data de Nascimento;<\/li>\n<li>Nome da M\u00e3e.<\/li>\n<\/ul>\n<p style=\"text-align: justify;\"><strong>1.1.2 Dados do(s) propriet\u00e1rio(s):<\/strong><\/p>\n<ul style=\"text-align: justify;\">\n<li>Pessoa F\u00edsica: Nome, CPF, data de nascimento, nome da m\u00e3e do propriet\u00e1rio e dos representantes legal se tiver e o e-mail de todos os propriet\u00e1rios;<\/li>\n<li>Pessoa Jur\u00eddica: CNPJ, Nome da empresa, Nome Fantasia e dados do representante legal, Nome, CPF, data de nascimento, nome da m\u00e3e;<\/li>\n<\/ul>\n<p style=\"text-align: justify;\"><strong>1.1.3 Dados do im\u00f3vel:<\/strong><\/p>\n<ul style=\"text-align: justify;\">\n<li>Documento de comprova\u00e7\u00e3o de propriedade ou posse;<\/li>\n<li>\u00c1rea da propriedade, indicada na(s) matr\u00edcula(s) ou no documento de posse;<\/li>\n<li>N\u00famero gerado no SNCR, para im\u00f3veis rurais (composto por 13 d\u00edgitos contido no CCIR);<\/li>\n<li>N\u00famero do Certificado GEO no Incra (caso possua);<\/li>\n<li>Endere\u00e7o da propriedade;<\/li>\n<li>Endere\u00e7o para correspond\u00eancia;<\/li>\n<li>Dados de termo de Ajustamento de Conduta &#8211; TAC, caso possua.<\/li>\n<\/ul>\n<p style=\"text-align: justify;\"><strong>1.1.4 Documentos necess\u00e1rios<\/strong><\/p>\n<ul style=\"text-align: justify;\">\n<li>RG<\/li>\n<li>CPF<\/li>\n<li>DOCUMENTO COMPROBAT\u00d3RIO DE POSSE\/PROPRIEDADE<\/li>\n<li>MEMORIAL DESCRITIVO E PLANTA BAIXA<\/li>\n<li>Se for casado RG e CPF do c\u00f4njuge.<\/li>\n<\/ul>\n<p style=\"text-align: justify;\"><strong>\u00a0<\/strong><\/p>\n<p style=\"text-align: justify;\"><strong>1.1.5 \u00a0Quais situa\u00e7\u00f5es posso retificar o CAR?<\/strong><\/p>\n<ul style=\"text-align: justify;\">\n<li>Venda ou compra do im\u00f3vel<\/li>\n<li>Complementa\u00e7\u00e3o de informa\u00e7\u00f5es<\/li>\n<li>Altera\u00e7\u00e3o de \u00e1rea de consolidada, vegeta\u00e7\u00e3o ou APP do im\u00f3vel<\/li>\n<\/ul>\n<p style=\"text-align: justify;\"><strong>\u00a0\u00a0 1.1.6 Quando o CAR pode ser cancelado<\/strong><\/p>\n<ul style=\"text-align: justify;\">\n<li>Unifica\u00e7\u00e3o de im\u00f3veis<\/li>\n<li>Cancelamento via judicial<\/li>\n<\/ul>\n<p style=\"text-align: justify;\">\u00a0\u00a0\u00a0 <strong>1.1.7 \u00a0Como posso solicitar a an\u00e1lise do CAR?<\/strong><\/p>\n<p style=\"text-align: justify;\">Quando a propriedade estiver:<\/p>\n<ul style=\"text-align: justify;\">\n<li>estar inserido no interior de Unidade de Conserva\u00e7\u00e3o.<\/li>\n<li>possuir \u00e1rea embargada.<\/li>\n<li>ser objeto de a\u00e7\u00e3o judicial visando \u00e0 recupera\u00e7\u00e3o de \u00e1rea degradada e\/ou alterada existente em seu interior.<\/li>\n<li>ser objeto de termo de compromisso ou instrumento similar celebrado por \u00f3rg\u00e3o legitimado, visando \u00e0 recupera\u00e7\u00e3o de \u00e1rea degradada e\/ou alterada existente em seu interior.<\/li>\n<li>n\u00e3o poder receber investimentos oriundos de financiamento banc\u00e1rio em decorr\u00eancia da exist\u00eancia de passivos ambientais em seu interior.<\/li>\n<\/ul>\n<p style=\"text-align: justify;\"><strong>\u00a0<\/strong><\/p>\n<p style=\"text-align: justify;\"><strong>1.1.8. Como cadastrar meu email no CAR?<\/strong><\/p>\n<p style=\"text-align: justify;\">Acessar o site do CAR\/RO <a href=\"http:\/\/car.sedam.ro.gov.br\/#\/site\">http:\/\/car.sedam.ro.gov.br\/#\/site<\/a><\/p>\n<p style=\"text-align: justify;\">Acessar a aba acesso seu cadastro\u00a0\u00a0\u00a0\u00a0\u00a0\u00a0\u00a0\u00a0\u00a0 central do propriet\u00e1rio\u00a0\u00a0\u00a0\u00a0\u00a0\u00a0\u00a0\u00a0 n\u00e3o tenho cadastro<\/p>\n<p style=\"text-align: justify;\"><strong>1.1.9 &#8211;<\/strong> <strong>Como solicitar a altera\u00e7\u00e3o de email do CAR?<\/strong><\/p>\n<p style=\"text-align: justify;\">&#8211; Preencher o requerimento padr\u00e3o de altera\u00e7\u00e3o de email no site da SEDAM <a href=\"http:\/\/www.sedam.ro.gov.br\/comrar\/\">http:\/\/www.sedam.ro.gov.br\/comrar\/<\/a><\/p>\n<p style=\"text-align: justify;\">&#8211;\u00a0 Anexar o c\u00f3pia do RG e CPF<\/p>\n<p style=\"text-align: justify;\">&#8211; Reconhecer firma em cart\u00f3rio.<\/p>\n<ul style=\"text-align: justify;\">\n<li><strong>PROGRAMA DE REGULARIZA\u00c7\u00c3O AMBIENTAL-PRA<\/strong><\/li>\n<\/ul>\n<p style=\"text-align: justify;\">O Programa de Regulariza\u00e7\u00e3o Ambiental \u2013 PRA \u00e9 um instrumento jur\u00eddico que dever\u00e1 regulamentar as condi\u00e7\u00f5es e prazos para recupera\u00e7\u00e3o das \u00e1reas degradadas que s\u00e3o protegidas por lei, como as \u00c1reas de Preserva\u00e7\u00e3o Permanente \u2013 APP, Reservas Legais \u2013 RL e de Uso Restrito \u2013 UR. Esse mecanismo tem a responsabilidade de propor uma sistem\u00e1tica para sanar passivos (danos ou situa\u00e7\u00f5es de irregularidade) ambientais nas propriedades rurais brasileiras que foram identificados e quantificados na an\u00e1lise do Cadastro Ambiental Rural \u2013 CAR, adequando a propriedade \u00e0 legisla\u00e7\u00e3o ambiental vigente, num prazo definido em lei.<\/p>\n<p style=\"text-align: justify;\">E EMATER-RO em parceria com a SEDAM esta realizando somente o PRADA proveniente de demanda judicial.<\/p>\n<p style=\"text-align: justify;\"><strong>\u00a0<\/strong><\/p>\n<p style=\"text-align: justify;\"><strong>2.1 Como solicitar apoio da EMATER para ades\u00e3o ao PRA?<\/strong><\/p>\n<p style=\"text-align: justify;\"><strong>\u00a0<\/strong>&#8211; Verificar se o CAR j\u00e1 foi analisado<\/p>\n<p style=\"text-align: justify;\">&#8211; Caso n\u00e3o tenha sido analisado o CAR,\u00a0 preencher o requerimento de an\u00e1lise do CAR no site da SEDAM <a href=\"http:\/\/www.sedam.ro.gov.br\/comrar\/\">http:\/\/www.sedam.ro.gov.br\/comrar\/<\/a> \u00a0e anexar o acordo judicial.<\/p>\n<p style=\"text-align: justify;\">&#8211; Aguardar a analise da SEDAM;<\/p>\n<p style=\"text-align: justify;\">&#8211; Ap\u00f3s an\u00e1lise fazer as retifica\u00e7\u00f5es solicitadas<\/p>\n<p style=\"text-align: justify;\">&#8211; Ap\u00f3s conclus\u00e3o da an\u00e1lise do CAR, preencher o requerimento de ades\u00e3o ao PRA &#8211; no site da SEDAM <a href=\"http:\/\/www.sedam.ro.gov.br\/comrar\/\">http:\/\/www.sedam.ro.gov.br\/comrar\/<\/a><\/p>\n<p style=\"text-align: justify;\">&#8211; Solicitar apoio da EMATER para elabora\u00e7\u00e3o do PRADA Manual Simplificado<\/p>\n<p style=\"text-align: justify;\"><strong>\u00a0<\/strong><\/p>\n<ol style=\"text-align: justify;\" start=\"3\">\n<li><strong>LICENCIAMENTO AMBIENTAL<\/strong><\/li>\n<\/ol>\n<p style=\"text-align: justify;\"><strong>\u00a0<\/strong><\/p>\n<p style=\"text-align: justify;\">O licenciamento ambiental \u00e9 um instrumento utilizado pelo Brasil com o objetivo de exercer controle pr\u00e9vio e de realizar o acompanhamento de atividades que utilizem recursos naturais, que sejam poluidoras ou que possam causar degrada\u00e7\u00e3o do meio ambiente.<\/p>\n<p style=\"text-align: justify;\">O licenciamento ambiental pode ser realizado pela prefeitura ou via SEDAM<\/p>\n<p style=\"text-align: justify;\"><strong>1\u00ba LICEN\u00c7A PR\u00c9VIA\u00a0\u00a0<\/strong><\/p>\n<p style=\"text-align: justify;\">\u00c9 concedida na fase preliminar do planejamento do empreendimento ou atividade e aprova sua localiza\u00e7\u00e3o e concep\u00e7\u00e3o, atestando a viabilidade ambiental e estabelecendo os requisitos b\u00e1sicos e condicionantes a serem atendidos nas fases seguintes de sua implanta\u00e7\u00e3o. <em>(O prazo de validade da Licen\u00e7a Pr\u00e9via \u00e9, no m\u00ednimo, o estabelecido no cronograma de elabora\u00e7\u00e3o dos planos, programas e projetos e, no m\u00e1ximo, de 5 (cinco) anos. conforme artigo 7\u00ba da Lei 3686\/2015.)<\/em><\/p>\n<p style=\"text-align: justify;\"><em>\u00a0<\/em><\/p>\n<p style=\"text-align: justify;\"><strong>2\u00ba LICEN\u00c7A DE INSTALA\u00c7\u00c3O: <\/strong><\/p>\n<p style=\"text-align: justify;\">\u00e9 concedida antes de iniciar a implanta\u00e7\u00e3o do empreendimento ou atividade e autoriza a instala\u00e7\u00e3o do empreendimento ou atividade de acordo com as especifica\u00e7\u00f5es constantes dos planos, programas e projetos aprovados, incluindo as medidas de controle ambiental e demais condicionantes, da qual constituem motivo determinante, conforme artigo 8\u00ba da Lei 3686\/2015. Par\u00e1grafo \u00fanico. O prazo de validade da Licen\u00e7a de Instala\u00e7\u00e3o \u00e9, no m\u00ednimo, o estabelecido no cronograma de instala\u00e7\u00e3o e, no m\u00e1ximo, de 6 (seis) anos.<\/p>\n<p style=\"text-align: justify;\"><strong>3\u00ba LICEN\u00c7A DE OPERA\u00c7\u00c3O: <\/strong><\/p>\n<p style=\"text-align: justify;\">Autoriza a opera\u00e7\u00e3o da atividade ou empreendimento, ap\u00f3s a verifica\u00e7\u00e3o do efetivo cumprimento do que consta das licen\u00e7as anteriores, com as medidas de controle ambiental e condicionantes determinados para a opera\u00e7\u00e3o. O prazo de validade da Licen\u00e7a de Opera\u00e7\u00e3o \u00e9, no m\u00ednimo, de 4 (quatro) anos e, no m\u00e1ximo, de 10 (dez) anos, conforme artigo 9\u00ba da Lei 3686\/2015.<\/p>\n<p style=\"text-align: justify;\">4\u00ba <strong>RENOVA\u00c7\u00c3O DA LICEN\u00c7A DE OPERA\u00c7\u00c3O<\/strong><\/p>\n<p style=\"text-align: justify;\">O interessado dever\u00e1 apresentar Relat\u00f3rio de Monitoramento Ambiental semestralmente ap\u00f3s a obten\u00e7\u00e3o da licen\u00e7a, acompanhado de todas solicita\u00e7\u00f5es previstas na licen\u00e7a de opera\u00e7\u00e3o juntamente com ART do Respons\u00e1vel T\u00e9cnico pela sua elabora\u00e7\u00e3o.<\/p>\n<p style=\"text-align: justify;\">LICENCIAMENTO DE\u00a0 AGROIND\u00daSTRIAS<\/p>\n<p style=\"text-align: justify;\"><strong>\u00a0<\/strong><\/p>\n<p style=\"text-align: justify;\"><strong>RELA\u00c7\u00c3O DE DOCUMENTOS PARA LICEN\u00c7A PR\u00c9VIA (LP):<\/strong><\/p>\n<ol style=\"text-align: justify;\">\n<li>Requerimento padr\u00e3o, dispon\u00edvel no site da Sedam;<\/li>\n<li>Comprovante de recolhimento da taxa referente \u00e0 Licen\u00e7a Pr\u00e9via, conforme determina a Lei estadual n\u00ba 3941 de 2016;<\/li>\n<li>Ato Constitutivo, Contrato Social, Requerimento de Empres\u00e1rio Individual, Estatuto Social, Declara\u00e7\u00e3o de MEI ou Certid\u00e3o Simplificada;<\/li>\n<li>C\u00f3pia do cart\u00e3o CNPJ;<\/li>\n<li>C\u00f3pia do FAC (SINTEGRA);<\/li>\n<li>C\u00f3pias do RG dos respons\u00e1veis legais do empreendimento\/ se for entidade p\u00fablica apresentar c\u00f3pia do ato de nomea\u00e7\u00e3o;<\/li>\n<li>Procura\u00e7\u00e3o, quando couber;<\/li>\n<li>C\u00f3pia do (RG e CPF) dos respons\u00e1veis legais do empreendimento;<\/li>\n<li>C\u00f3pia do ato de nomea\u00e7\u00e3o, se for entidade p\u00fablica;<\/li>\n<li>Documento de propriedade do im\u00f3vel (Certid\u00e3o de Inteiro Teor do Cart\u00f3rio de Registro de Im\u00f3veis atualizada), documenta\u00e7\u00e3o de justa posse ou contrato de loca\u00e7\u00e3o, arrendamento, comodato e outros previstos em lei;<\/li>\n<li>C\u00f3pias do (RG e CPF) do propriet\u00e1rio do im\u00f3vel, quando aplic\u00e1vel<strong>;<\/strong><\/li>\n<li>Recibo de inscri\u00e7\u00e3o do Cadastro Ambiental Rural (CAR), se im\u00f3vel rural; no caso de im\u00f3vel localizado no per\u00edmetro urbano, a apresenta\u00e7\u00e3o do CAR estar\u00e1 condicionada ao estabelecido no Art. 35 da Instru\u00e7\u00e3o Normativa N\u00ba 02\/MMA, de 06 de maio de 2014 ou Termo de Compromisso Ambiental de Cadastro Ambiental Rural, conforme Portaria n\u00ba 131 de 09 de maio de 2020, quando for o caso,<\/li>\n<li>Certid\u00e3o da Prefeitura Municipal declarando que o local e o tipo de empreendimento ou atividade est\u00e3o em conformidade com legisla\u00e7\u00e3o aplic\u00e1vel ao uso e ocupa\u00e7\u00e3o do solo, c\u00f3digo de posturas e as leis municipais;<\/li>\n<li>Memorial descritivo da atividade informando, acessos, endere\u00e7o, bairro, munic\u00edpio, coordenadas geogr\u00e1fica (pol\u00edgono da \u00e1rea total do empreendimento), \u00e1reas em m\u00b2 de todas edifica\u00e7\u00f5es a serem instaladas, existente e\/ou ampliadas;<\/li>\n<li>Anu\u00eancia do Instituto do Patrim\u00f4nio Hist\u00f3rico e Art\u00edstico Nacional (IPHAN), nos termos da Instru\u00e7\u00e3o Normativa N\u00ba 001\/15, quando aplic\u00e1vel;<\/li>\n<li>Publica\u00e7\u00e3o em jornal do Pedido de Licen\u00e7a Pr\u00e9via;<\/li>\n<li>Declara\u00e7\u00e3o de aptid\u00e3o ao PRONAF (DAP) para empreendedor rural familiar;<\/li>\n<li>Arquivo em Shapefile com as extens\u00f5es de dbf., shx., prj., shp., qpj;<\/li>\n<li>Cronograma de elabora\u00e7\u00e3o dos planos, programas e<\/li>\n<\/ol>\n<p style=\"text-align: justify;\"><strong>RELA\u00c7\u00c3O DE DOCUMENTOS <\/strong><strong>PARA LICEN\u00c7A DE INSTALA\u00c7\u00c3O (LI):<\/strong><\/p>\n<ol style=\"text-align: justify;\">\n<li>Requerimento padr\u00e3o, dispon\u00edvel no site da Sedam;<\/li>\n<li>Comprovante de recolhimento da taxa referente \u00e0 Licen\u00e7a de instala\u00e7\u00e3o, conforme determina a Lei estadual n\u00ba 3941 de 2016;<\/li>\n<li>Plano de Controle Ambiental &#8211; PCA acompanhado de documento de responsabilidade t\u00e9cnica do conselho de classe do(s) profissional (ais) habilitado (s) para a elabora\u00e7\u00e3o do respectivo Estudo Ambiental. Em caso de agroind\u00fastria familiar, solicita-se que o PCA contemple item espec\u00edfico relacionado ao artigo 37 da Lei n\u00ba 3.686 de 08 de dezembro de 2015;<\/li>\n<li>Layout\/planta do empreendimento, assinado por t\u00e9cnico habilitado com ART-CREA\/RO ou outro Conselho de Classe;<\/li>\n<li>Plantas e memoriais de c\u00e1lculo dos sistemas de tratamento (efluente l\u00edquidos, res\u00edduos s\u00f3lidos e gasosos), assinado por t\u00e9cnico habilitado com ART-CREA\/RO ou outro Conselho de Classe;<\/li>\n<li>Publica\u00e7\u00e3o em jornal do pedido da Licen\u00e7a de Instala\u00e7\u00e3o;<\/li>\n<li>CEPROF, se usar lenha, quando couber;<\/li>\n<li>Protocolo de regulariza\u00e7\u00e3o do abastecimento h\u00eddrico registrado junto ao COREH, quando couber<\/li>\n<li>Protocolo de solicita\u00e7\u00e3o de Autoriza\u00e7\u00e3o de Supress\u00e3o Vegetal \u2013 ASV ,quando couber;<\/li>\n<li>Cronograma de implanta\u00e7\u00e3o do empreendimento;<\/li>\n<li>Outros documentos exigidos nas condicionantes da licen\u00e7a pr\u00e9via, quando<\/li>\n<\/ol>\n<p style=\"text-align: justify;\"><strong>RELA\u00c7\u00c3O DE DOCUMENTOS PARA RENOVA\u00c7\u00c3O DA LICEN\u00c7A DE INSTALA\u00c7\u00c3O (LI):<\/strong><\/p>\n<ol style=\"text-align: justify;\">\n<li>Requerimento padr\u00e3o, dispon\u00edvel no site da Sedam;<\/li>\n<li>Comprovante de recolhimento da taxa referente \u00e0 Licen\u00e7a de Instala\u00e7\u00e3o, conforme determina a Lei estadual n\u00ba 3941 de 2016;<\/li>\n<li>Cronograma de implanta\u00e7\u00e3o da obra atualizado;<\/li>\n<li>Publica\u00e7\u00e3o em jornal do pedido de renova\u00e7\u00e3o da Licen\u00e7a de Instala\u00e7\u00e3o (informando extens\u00e3o e\/ou \u00e1rea do empreendimento);<\/li>\n<li>Autoriza\u00e7\u00e3o de Supress\u00e3o Vegetal \u2013 ASV, quando couber<\/li>\n<li>Outros documentos exigidos nas condicionantes estabelecidas nas fases anteriores, quando<\/li>\n<\/ol>\n<p style=\"text-align: justify;\"><strong>RELA\u00c7\u00c3O DE DOCUMENTOS <\/strong><strong>PARA LICEN\u00c7A DE OPERA\u00c7\u00c3O (LO):<\/strong><\/p>\n<ol style=\"text-align: justify;\">\n<li>Requerimento padr\u00e3o, dispon\u00edvel no site da Sedam;<\/li>\n<li>Comprovante de recolhimento da taxa referente \u00e0 Licen\u00e7a de opera\u00e7\u00e3o, conforme determina a Lei estadual n\u00ba 3941 de 2016;<\/li>\n<li>Outorga de uso de Recurso h\u00eddrico, quando couber;<\/li>\n<li>Licen\u00e7a do po\u00e7o tubular, quando couber;<\/li>\n<li>Cronograma de execu\u00e7\u00e3o;<\/li>\n<li>Autoriza\u00e7\u00e3o de Supress\u00e3o Vegetal \u2013 ASV ,quando couber<\/li>\n<li>Publica\u00e7\u00e3o em jornal do Pedido de Licen\u00e7a de Opera\u00e7\u00e3o;<\/li>\n<li>Outros documentos exigidos nas condicionantes estabelecidas nas fases anteriores, quando<\/li>\n<\/ol>\n<p style=\"text-align: justify;\"><strong>RELA\u00c7\u00c3O DE DOCUMENTOS <\/strong><strong>PARA RENOVA\u00c7\u00c3O DA LICEN\u00c7A DE OPERA\u00c7\u00c3O (LO):<\/strong><\/p>\n<ol style=\"text-align: justify;\">\n<li>Requerimento padr\u00e3o, dispon\u00edvel no site da Sedam<\/li>\n<li>Comprovante de recolhimento da taxa referente \u00e0 renova\u00e7\u00e3o da Licen\u00e7a de opera\u00e7\u00e3o, conforme determina a Lei estadual n\u00ba 3941 de 2016;<\/li>\n<li>Publica\u00e7\u00e3o em jornal do Pedido de Renova\u00e7\u00e3o Licen\u00e7a de Opera\u00e7\u00e3o;<\/li>\n<li>Outros documentos exigidos nas condicionantes estabelecidas nas fases anteriores, quando<\/li>\n<\/ol>\n<p style=\"text-align: justify;\"><strong>RELA\u00c7\u00c3O DE DOCUMENTOS PARA LICEN\u00c7A PR\u00c9VIA \u00a0E INSTALA\u00c7\u00c3O\u00a0 (LP E LI EM CONJUNTO)<\/strong><\/p>\n<ol style=\"text-align: justify;\">\n<li>Requerimento padr\u00e3o, dispon\u00edvel no site da Sedam;<\/li>\n<li>Comprovante de recolhimento da taxa referente \u00e0 Licen\u00e7a Pr\u00e9via e instala\u00e7\u00e3o, conforme determina a Lei estadual n\u00ba 3941 de 2016;<\/li>\n<li>Ato Constitutivo, Contrato Social, Requerimento de Empres\u00e1rio Individual, Estatuto Social, Declara\u00e7\u00e3o de MEI ou Certid\u00e3o Simplificada,<\/li>\n<li>C\u00f3pia do (RG e CPF) dos respons\u00e1veis legais do empreendimento;<\/li>\n<li>Procura\u00e7\u00e3o, quando couber;<\/li>\n<li>Documento de propriedade do im\u00f3vel (Certid\u00e3o de Inteiro Teor do Cart\u00f3rio de Registro de Im\u00f3veis atualizada), documenta\u00e7\u00e3o de justa posse ou contrato de loca\u00e7\u00e3o, arrendamento, comodato e outros previstos em lei;<\/li>\n<li>C\u00f3pia do RG do propriet\u00e1rio do im\u00f3vel, quando aplic\u00e1vel;<\/li>\n<li>Recibo de inscri\u00e7\u00e3o do Cadastro Ambiental Rural (CAR), se im\u00f3vel rural; no caso de im\u00f3vel localizado no per\u00edmetro urbano, a apresenta\u00e7\u00e3o do CAR estar\u00e1 condicionada ao estabelecido no Art. 35 da Instru\u00e7\u00e3o Normativa N\u00ba 02\/MMA, de 06 de maio de 2014 ou Termo de Compromisso Ambiental de Cadastro Ambiental Rural, conforme Portaria n\u00ba 131 de 09 de maio de 2020, quando for o caso;<\/li>\n<li>Certid\u00e3o da Prefeitura Municipal declarando que o local e o tipo de empreendimento ou atividade est\u00e3o em conformidade com legisla\u00e7\u00e3o aplic\u00e1vel ao uso e ocupa\u00e7\u00e3o do solo, c\u00f3digo de posturas e as leis municipais;<\/li>\n<li>Memorial descritivo da atividade informando, acessos, endere\u00e7o, bairro, munic\u00edpio, coordenadas geogr\u00e1fica (pol\u00edgono da \u00e1rea total do empreendimento), \u00e1reas em m\u00b2 de todas edifica\u00e7\u00f5es a serem instaladas, existente e\/ou ampliadas;<\/li>\n<li>Anu\u00eancia do Instituto do Patrim\u00f4nio Hist\u00f3rico e Art\u00edstico Nacional (IPHAN), nos termos da Instru\u00e7\u00e3o Normativa N\u00ba 001\/15, quando aplic\u00e1vel;<\/li>\n<li>Publica\u00e7\u00e3o em jornal do Pedido de Licen\u00e7a Pr\u00e9via e instala\u00e7\u00e3o;<\/li>\n<li>Declara\u00e7\u00e3o de aptid\u00e3o ao PRONAF (DAP) para empreendedor rural familiar, quando couber;<\/li>\n<li>Plano de Controle Ambiental \u2013 PCA, acompanhado de documento de responsabilidade t\u00e9cnica do conselho de classe do(s) profissional (ais) habilitado (s) para a elabora\u00e7\u00e3o do respectivo Estudo Ambiental. Em caso de agroind\u00fastria familiar, solicita-se que o PCA contemple o item espec\u00edfico relacionado ao artigo 37 da Lei n\u00ba 3.686 de 08 de dezembro de 2015;<\/li>\n<li>Layout\/planta do empreendimento, assinado por t\u00e9cnico habilitado com ART-CREA\/RO ou outro Conselho de Classe;<\/li>\n<li>Plantas e memoriais de c\u00e1lculo dos sistemas de tratamento (efluente l\u00edquidos, res\u00edduos s\u00f3lidos e gasosos), assinado por t\u00e9cnico habilitado com ART-CREA\/RO ou outro Conselho de Classe;<\/li>\n<li>Cronograma de elabora\u00e7\u00e3o dos planos, programas e<\/li>\n<li>CEPROF (uso de lenha), quando couber;<\/li>\n<li>Protocolo de regulariza\u00e7\u00e3o do abastecimento h\u00eddrico registrado junto ao COREH, quando couber;<\/li>\n<li>Protocolo de solicita\u00e7\u00e3o de Autoriza\u00e7\u00e3o de Supress\u00e3o Vegetal \u2013 ASV, quando<\/li>\n<\/ol>\n<p style=\"text-align: justify;\">LICENCIAMENTO DE\u00a0 PISCICULTURA<\/p>\n<p style=\"text-align: justify;\"><strong>\u00a0<\/strong><\/p>\n<p style=\"text-align: justify;\"><strong>RELA\u00c7\u00c3O DE DOCUMENTOS PARA\u00a0 <\/strong><strong>LICEN\u00c7A PR\u00c9VIA<\/strong><\/p>\n<ol style=\"text-align: justify;\">\n<li>Requerimento padr\u00e3o, dispon\u00edvel no site da SEDAM;<\/li>\n<li>Comprovante de recolhimento de taxa referente \u00e0 licen\u00e7a Pr\u00e9via;<\/li>\n<li>C\u00f3pias do (CPF e RG) dos respons\u00e1veis legais do empreendimento;<\/li>\n<li>Procura\u00e7\u00e3o, quando couber;<\/li>\n<li>Recibo do Cadastro Ambiental Rural (CAR), se im\u00f3vel rural; no caso de im\u00f3vel localizado no per\u00edmetro urbano, a apresenta\u00e7\u00e3o do CAR estar\u00e1 condicionada ao estabelecido no Art. 35 da Instru\u00e7\u00e3o Normativa N\u00ba 02\/MMA, de 06 de maio de 2014 ou Termo de Compromisso Ambiental de Cadastro Ambiental Rural, conforme Portaria n\u00ba 131 de 09 de maio de 2020, quando for o caso.<\/li>\n<li>C\u00f3pia dos documentos de propriedade ou posse do im\u00f3vel;<\/li>\n<li>Publica\u00e7\u00e3o em jornal da solicita\u00e7\u00e3o da licen\u00e7a pr\u00e9via (conforme modelo dispon\u00edvel online);<\/li>\n<li>Certid\u00e3o da Prefeitura Municipal atestando que o tipo de atividade est\u00e1 de acordo com o c\u00f3digo de postura e com as leis municipais (Decreto n\u00ba 7.903 de 01 de julho de 1997 \u2013 Art. 91, inciso III;<\/li>\n<li>Caso necess\u00e1rio, apresentar c\u00f3pia da ficha de caracteriza\u00e7\u00e3o da Atividade \u2013 FCA protocolado junto ao IPHAN. Observar a Instru\u00e7\u00e3o Normativa IPHAN n\u00ba 001\/2015;<\/li>\n<li>CD contendo com seguintes shapefiles: com extens\u00f5es <strong>*shp, *shx, *dbf e <\/strong>demais extens\u00f5es necess\u00e1rias; Ponto com localiza\u00e7\u00e3o da sede administrativa do empreendimento; Pol\u00edgono de localiza\u00e7\u00e3o dos tanques e viveiros; Vetor contendo a hidrografia do im\u00f3vel; Ponto das de nascentes se houver.<\/li>\n<li>Cronograma de elabora\u00e7\u00e3o dos planos, programas e<\/li>\n<\/ol>\n<p style=\"text-align: justify;\"><strong>RELA\u00c7\u00c3O DE DOCUMENTOS PARA <\/strong><strong>LICEN\u00c7A DE INSTALA\u00c7\u00c3O<\/strong><\/p>\n<ol style=\"text-align: justify;\">\n<li>Requerimento padr\u00e3o, dispon\u00edvel no site da SEDAM;<\/li>\n<li>Comprovante de recolhimento de taxa referente \u00e0 licen\u00e7a de Instala\u00e7\u00e3o;<\/li>\n<li>Publica\u00e7\u00e3o em jornal com a solicita\u00e7\u00e3o da licen\u00e7a de instala\u00e7\u00e3o (conforme modelo dispon\u00edvel online);<\/li>\n<li>Outorga preventiva que atesta a disponibilidade h\u00eddrica para o empreendimento.<\/li>\n<li>Plano de Controle Ambiental \u2013 PCA para empreendimentos aqu\u00edcolas independente do hectare de l\u00e2mina d\u2019\u00e1gua;<\/li>\n<li>Anota\u00e7\u00e3o de Responsabilidade T\u00e9cnica &#8211; ART (Elabora\u00e7\u00e3o);<\/li>\n<li>Anteprojeto t\u00e9cnico do empreendimento, acompanhado de anota\u00e7\u00e3o ou registro de responsabilidade t\u00e9cnica.Resolu\u00e7\u00e3o CONAMA n\u00ba 413 de 27\/06\/2009;<\/li>\n<li>Planta de localiza\u00e7\u00e3o da \u00e1rea do empreendimento, em escala adequada, com indica\u00e7\u00e3o das interven\u00e7\u00f5es nas \u00c1reas de Preserva\u00e7\u00e3o Permanente, Resolu\u00e7\u00e3o CONAMA n\u00ba 413 de 27\/06\/2009;<\/li>\n<li>Cronograma de execu\u00e7\u00e3o da obra de acordo com a Lei Estadual n\u00ba 3.686\/15;<\/li>\n<li>Outros documentos exigidos nas condicionantes da Licen\u00e7a Pr\u00e9via, quando aplic\u00e1vel.<\/li>\n<\/ol>\n<p style=\"text-align: justify;\"><strong>\u00a0\u00a0\u00a0\u00a0\u00a0\u00a0\u00a0\u00a0 RELA\u00c7\u00c3O DE DOCUMENTOS PARA <\/strong><strong>LICEN\u00c7A DE OPERA\u00c7\u00c3O<\/strong><\/p>\n<ol style=\"text-align: justify;\">\n<li>Requerimento padr\u00e3o, dispon\u00edvel no site SEDAM;<\/li>\n<li>Comprovante de recolhimento de taxa referente \u00e0 licen\u00e7a de Opera\u00e7\u00e3o;<\/li>\n<li>Publica\u00e7\u00e3o em jornal da solicita\u00e7\u00e3o da licen\u00e7a de opera\u00e7\u00e3o (conforme modelo dispon\u00edvel online);<\/li>\n<li>Certid\u00e3o Negativa de Embargo do IBAMA.<\/li>\n<li>Outros documentos exigidos nas condicionantes estabelecidas nas fases anteriores, quando aplic\u00e1vel.<\/li>\n<li>CD contendo com seguintes shapefiles: com extens\u00f5es <strong>*shp, *shx, *dbf e <\/strong>demais extens\u00f5es necess\u00e1rias; Ponto com localiza\u00e7\u00e3o da sede administrativa do empreendimento; Pol\u00edgono de localiza\u00e7\u00e3o dos tanques e viveiros; Vetor contendo a hidrografia do im\u00f3vel; Ponto das de nascentes se houver.<\/li>\n<li>Vistoria t\u00e9cnica do empreendimento (SEDAM).<\/li>\n<\/ol>\n<p style=\"text-align: justify;\"><strong>\u00a0\u00a0\u00a0\u00a0\u00a0\u00a0\u00a0\u00a0 RELA\u00c7\u00c3O DE DOCUMENTOS PARA RENOVA\u00c7\u00c3O DA <\/strong><strong>LICEN\u00c7A DE OPERA\u00c7\u00c3O<\/strong><\/p>\n<ol style=\"text-align: justify;\">\n<li>Requerimento padr\u00e3o, dispon\u00edvel no site SEDAM;<\/li>\n<li>Comprovante de recolhimento de taxa referente \u00e0 licen\u00e7a de Opera\u00e7\u00e3o;<\/li>\n<li>Publica\u00e7\u00e3o em jornal da solicita\u00e7\u00e3o da licen\u00e7a de opera\u00e7\u00e3o (conforme modelo dispon\u00edvel online);<\/li>\n<li>Certid\u00e3o Negativa de Embargo do IBAMA.<\/li>\n<li>Comprovante de Recolhimento de Taxa em conformidade com o Art. 19 da Lei 3.437 de 09 de setembro de 2014.<\/li>\n<li>Outros documentos exigidos nas condicionantes estabelecidas nas fases anteriores, quando aplic\u00e1vel.<\/li>\n<li>Relat\u00f3rio de Monitoramento Ambiental (RMA).<\/li>\n<li>Anota\u00e7\u00e3o de Responsabilidade T\u00e9cnica \u2013 ART.<\/li>\n<li>Outorga de Uso dos recursos h\u00eddricos, conforme Lei 9.433 de 08\/01\/1997 Art 12, incisos I, II, III, IV,V;<\/li>\n<li>Vistoria t\u00e9cnica do empreendimento (SEDAM).<\/li>\n<li>Recibo do Cadastro Ambiental Rural (CAR), se im\u00f3vel rural; no caso de im\u00f3vel localizado no per\u00edmetro urbano, a apresenta\u00e7\u00e3o do CAR estar\u00e1 condicionada ao estabelecido no Art. 35 da Instru\u00e7\u00e3o Normativa N\u00ba 02\/MMA, de 06 de maio de 2014 ou Termo de Compromisso Ambiental de Cadastro Ambiental Rural, conforme Portaria n\u00ba 131 de 09 de maio de 2020, quando for o caso.<\/li>\n<li>Boletim de an\u00e1lise de qualidade de \u00e1gua, com os seguintes pontos: an\u00e1lise f\u00edsico-qu\u00edmica de \u00e1gua da montante, jusante e viveiro demonstrativo.<\/li>\n<li>Proposta de sistema de tratamento de efluentes.<\/li>\n<li>CD contendo com seguintes shapefiles: com extens\u00f5es <strong>*shp, *shx, *dbf e <\/strong>demais extens\u00f5es necess\u00e1rias; Ponto com localiza\u00e7\u00e3o da sede administrativa do empreendimento; Pol\u00edgono de localiza\u00e7\u00e3o dos tanques e viveiros; Vetor contendo a hidrografia do im\u00f3vel; Ponto das de nascentes se houver.<\/li>\n<\/ol>\n<p style=\"text-align: justify;\"><strong>OBSERVA\u00c7\u00c3O:<\/strong><\/p>\n<p style=\"text-align: justify;\"><strong>\u00a0&#8211; <\/strong>Esta lista apresenta a documenta\u00e7\u00e3o b\u00e1sica para instru\u00e7\u00e3o dos processos de licenciamento ambiental, podendo ser exigidos outros documentos\u00a0 e\/ou estudos conforme peculiaridade de cada atividade ou empreendimento em qualquer etapa do processo de licenciamento ambiental.<\/p>\n<p style=\"text-align: justify;\">&#8211; Poder\u00e1 ser solicitada posteriormente por este \u00f3rg\u00e3o ambiental documenta\u00e7\u00e3o complementar em virtude de exig\u00eancias provenientes da atua\u00e7\u00e3o de \u00f3rg\u00e3os intervenientes no processo de licenciamento ambiental, a saber:<\/p>\n<p style=\"text-align: justify;\">&#8211;\u00a0\u00a0 FUNAI, nos termos da Instru\u00e7\u00e3o Normativa N\u00b0 002\/15 da FUNAI;<\/p>\n<p style=\"text-align: justify;\">&#8211; FUNDA\u00c7\u00c3O PALMARES, nos casos em que a \u00e1rea de influencia direta do empreendimento se localizar em \u00e1reas de remanescentes quilombolas;<\/p>\n<p style=\"text-align: justify;\">&#8211; Instituto Chico Mendes de Conserva\u00e7\u00e3o da Biodiversidade (ICMBIO) ou da Coordenadoria de Unidades de Conserva\u00e7\u00e3o (CUC) ou \u00d3rg\u00e3o Gestor de Unidade de Conserva\u00e7\u00e3o Municipal, nos termos da Resolu\u00e7\u00e3o CONAMA N\u00b0 428\/2010.<\/p>\n<p style=\"text-align: justify;\"><strong>\u00a0<\/strong><\/p>\n<p style=\"text-align: justify;\"><strong>LICENCIAMENTO DE EMPREENDIMENTO J\u00c1 INSTALADOS<\/strong><\/p>\n<ol style=\"text-align: justify;\">\n<li>Requerimento padr\u00e3o, dispon\u00edvel no site SEDAM;<\/li>\n<li>Xerox do RG e CPF do respons\u00e1vel legal.<\/li>\n<li>Publica\u00e7\u00e3o em jornal da solicita\u00e7\u00e3o da licen\u00e7a pr\u00e9via, instala\u00e7\u00e3o e opera\u00e7\u00e3o (conforme modelo dispon\u00edvel online);<\/li>\n<li>Recibo do Cadastro Ambiental Rural (CAR), se im\u00f3vel rural; no caso de im\u00f3vel localizado no per\u00edmetro urbano, a apresenta\u00e7\u00e3o do CAR estar\u00e1 condicionada ao estabelecido no Art. 35 da Instru\u00e7\u00e3o Normativa N\u00ba 02\/MMA, de 06 de maio de 2014 ou Termo de Compromisso Ambiental de Cadastro Ambiental Rural, conforme Portaria n\u00ba 131 de 09 de maio de 2020, quando for o caso.<\/li>\n<li>C\u00f3pia dos documentos de propriedade ou posse do im\u00f3vel;<\/li>\n<li>Outorga de Uso dos recursos h\u00eddricos, conforme Lei 9.433 de 08\/01\/1997 Art 12, incisos I, II, III, IV,V;<\/li>\n<li>Comprovante de Recolhimento de Taxa em conformidade com o Art. 19 da Lei 3.437 de 09 de setembro de 2014.<\/li>\n<li>Certid\u00e3o Negativa de Embargo do IBAMA.<\/li>\n<li>Certid\u00e3o da Prefeitura Municipal atestando que o tipo de atividade est\u00e1 de acordo com o c\u00f3digo de postura e com as leis municipais (Decreto n\u00ba 7.903 de 01 de julho de 1997 \u2013 Art. 91, inciso III;<\/li>\n<li>Planta de localiza\u00e7\u00e3o da \u00e1rea do empreendimento, em escala adequada, com indica\u00e7\u00e3o das interven\u00e7\u00f5es nas \u00c1reas de Preserva\u00e7\u00e3o Permanente, Resolu\u00e7\u00e3o CONAMA n\u00ba 413 de 27\/06\/2009;<\/li>\n<li>CD contendo com seguintes shapefiles: com extens\u00f5es <strong>*shp, *shx, *dbf e <\/strong>demais extens\u00f5es necess\u00e1rias; Ponto com localiza\u00e7\u00e3o da sede administrativa do empreendimento; Pol\u00edgono de localiza\u00e7\u00e3o dos tanques e viveiros; Vetor contendo a hidrografia do im\u00f3vel; Ponto das de nascentes se houver.<\/li>\n<li>Relat\u00f3rio ambiental da atual situa\u00e7\u00e3o do empreendimento.<\/li>\n<li>Vistoria t\u00e9cnica do empreendimento (SEDAM).<\/li>\n<\/ol>\n<p style=\"text-align: justify;\"><strong>\u00a0<\/strong><\/p>\n<p style=\"text-align: justify;\"><strong>\u00a0<\/strong><\/p>\n<p style=\"text-align: justify;\"><strong>RELAT\u00d3RIO DE MONITORAMENTO AMBIENTAL &#8211; RMA<\/strong><\/p>\n<p style=\"text-align: justify;\"><strong>\u00a0<\/strong><\/p>\n<p style=\"text-align: justify;\">Em conformidade com a Lei 3.941 de 12\/12\/2016, que disp\u00f5e sobre an\u00e1lise de Relat\u00f3rio de Monitoramento Ambiental-RMA:<\/p>\n<ol style=\"text-align: justify;\">\n<li>Relat\u00f3rio conforme termo de refer\u00eancia.<\/li>\n<li>Anota\u00e7\u00e3o de Responsabilidade T\u00e9cnica \u2013 ART.<\/li>\n<li>Taxa de an\u00e1lise de RMA &#8211; Baixo potencial poluidor, solicitamos que o empreendedor apresente 0,5 UPF (FORA DE LEITO DE CORPO HIDRICO). Alto potencial poluidor 2 UPF\u00b4S (DENTRO DE LEITO DE CORPO HIDRICO), taxa por per\u00edodo.<\/li>\n<li>Boletim de an\u00e1lise de qualidade de \u00e1gua, com os seguintes pontos: an\u00e1lise f\u00edsico-qu\u00edmica de \u00e1gua da montante, jusante e viveiro demonstrativo.<\/li>\n<\/ol>\n<p style=\"text-align: justify;\"><strong>\u00a0<\/strong><\/p>\n<p style=\"text-align: justify;\"><strong>ALTERA\u00c7\u00c3O DE TITULARIDADE<\/strong><\/p>\n<ol style=\"text-align: justify;\">\n<li>Requerimento padr\u00e3o, dispon\u00edvel no site SEDAM, solicitando a altera\u00e7\u00e3o de titularidade com assinatura do respons\u00e1vel pelo empreendimento;<\/li>\n<li>Publica\u00e7\u00e3o em jornal da solicita\u00e7\u00e3o de altera\u00e7\u00e3o de titularidade (conforme modelo dispon\u00edvel online);<\/li>\n<li>Taxa de averba\u00e7\u00e3o de altera\u00e7\u00e3o ou retifica\u00e7\u00e3o da titularidade; 2 UPF\u00b4S; conforme LEI N. 3.941, DE 12 DE DEZEMBRO DE 2016 Anexo XLIX;<\/li>\n<li>Comprovante de compra e venda ou contrato de arrendamento ou contrato de comodato.<\/li>\n<\/ol>\n<p style=\"text-align: justify;\"><strong>ALTERA\u00c7\u00c3O DE RESPONS\u00c1VEL T\u00c9CNICO<\/strong><\/p>\n<p style=\"text-align: justify;\"><strong>\u00a0<\/strong><\/p>\n<ol style=\"text-align: justify;\">\n<li>Requerimento padr\u00e3o, dispon\u00edvel no site SEDAM, solicitando a altera\u00e7\u00e3o de Respons\u00e1vel T\u00e9cnico com assinatura do requente (empreendedor) e respons\u00e1vel pelo empreendimento;<\/li>\n<li>Taxa de averba\u00e7\u00e3o de altera\u00e7\u00e3o ou retifica\u00e7\u00e3o da titularidade; 2 UPF\u00b4S; conforme a LEI n\u00b0 3.941, DE 12 DE DEZEMBRO DE 2016 Anexo XLIX;<\/li>\n<li>Baixa da Anota\u00e7\u00e3o de Responsabilidade T\u00e9cnica -ART do T\u00e9cnico Anterior;<\/li>\n<li>Apresenta\u00e7\u00e3o de Anota\u00e7\u00e3o de Responsabilidade T\u00e9cnica -ART, do atual respons\u00e1vel t\u00e9cnico.<\/li>\n<\/ol>\n<p style=\"text-align: justify;\"><strong>\u00a0<\/strong><\/p>\n<p style=\"text-align: justify;\"><strong>LICENCIAMENTO DE EMPREENDIMENTO EM GERAL<\/strong><\/p>\n<p style=\"text-align: justify;\"><strong>\u00a0<\/strong><\/p>\n<p style=\"text-align: justify;\"><strong>RELA\u00c7\u00c3O DE DOCUMENTOS PARA LICEN\u00c7A PR\u00c9VIA (LP)<\/strong><\/p>\n<ul style=\"text-align: justify;\">\n<li>Requerimento padr\u00e3o, dispon\u00edvel no site da SEDAM;<\/li>\n<li>Comprovante de recolhimento de taxa referente \u00e0 licen\u00e7a Pr\u00e9via conforme determina a Lei estadual n\u00ba3941 de 2016;<\/li>\n<li>C\u00f3pia do cart\u00e3o CNPJ;<\/li>\n<li>C\u00f3pia do FAC (SINTEGRA);<\/li>\n<li>Ato Constitutivo, Contrato Social, Requerimento de Empres\u00e1rio Individual, Estatuto Social, Declara\u00e7\u00e3o de MEI ou Certid\u00e3o Simplificada;<\/li>\n<li>C\u00f3pias do (RG e CPF) dos respons\u00e1veis legais do empreendimento;<\/li>\n<li>Documento de propriedade do im\u00f3vel (Certid\u00e3o de Inteiro Teor do Cart\u00f3rio de Registro de Im\u00f3veis atualizada),documenta\u00e7\u00e3o de justa posse ou contrato de loca\u00e7\u00e3o, arrendamento, comodato e outros previstos em lei;<\/li>\n<li>C\u00f3pias do (RG e CPF) do propriet\u00e1rio do im\u00f3vel, quando aplic\u00e1vel;<\/li>\n<li>Recibo de inscri\u00e7\u00e3o do Cadastro Ambiental Rural (CAR), se im\u00f3vel rural; no caso de im\u00f3vel localizado no per\u00edmetro urbano, a apresenta\u00e7\u00e3o do CAR estar\u00e1 condicionada ao estabelecido no Art. 35 da Instru\u00e7\u00e3o Normativa N\u00ba 02\/MMA, de 06 de maio de 2014<strong>;<\/strong><\/li>\n<li>Certid\u00e3o da Prefeitura Municipal declarando que o local e o tipo de empreendimento ou atividade est\u00e3o em conformidade com legisla\u00e7\u00e3o aplic\u00e1vel ao uso e ocupa\u00e7\u00e3o do solo, c\u00f3digo de posturas e as leis municipais;<\/li>\n<li>Relat\u00f3rio de Controle Ambiental &#8211; RCA, descrevendo a concep\u00e7\u00e3o geral do projeto, contendo: localiza\u00e7\u00e3o do empreendimento, assim como recursos h\u00eddricos do entorno, objetivos, acessos, bem como de outros aspectos ou informa\u00e7\u00f5es relevantes, acompanhado da ART do respons\u00e1vel t\u00e9cnico legalmente habilitado;<\/li>\n<li>Anu\u00eancia do Instituto do Patrim\u00f4nio Hist\u00f3rico e Art\u00edstico Nacional (IPHAN), nos termos da Instru\u00e7\u00e3o Normativa N\u00ba 001\/15 do IPHAN, quando aplic\u00e1vel;<\/li>\n<li>Arquivo em Shapefile com as extens\u00f5es de dbf., shx., prj., shp., qpj;<\/li>\n<li>Cronograma de de elabora\u00e7\u00e3o dos planos, programas e projetos<\/li>\n<li>Publica\u00e7\u00e3o em jornal do Pedido de Licen\u00e7a Pr\u00e9via.<\/li>\n<\/ul>\n<p style=\"text-align: justify;\"><strong>\u00a0\u00a0\u00a0\u00a0\u00a0 <\/strong><\/p>\n<p style=\"text-align: justify;\"><strong>RELA\u00c7\u00c3O DE DOCUMENTOS PARA LICEN\u00c7A DE INSTALA\u00c7\u00c3O (LI):<\/strong><\/p>\n<p style=\"text-align: justify;\"><strong>\u00a0<\/strong><\/p>\n<ol style=\"text-align: justify;\">\n<li>Requerimento padr\u00e3o, dispon\u00edvel no site da SEDAM;<\/li>\n<li>Comprovante de recolhimento de taxa referente \u00e0 licen\u00e7a de Instala\u00e7\u00e3o conforme determina a Lei estadual n\u00ba3941 de 2016;<\/li>\n<li>Plano de Controle Ambiental \u2013 PCA, acompanhado de documento de responsabilidade t\u00e9cnica do conselho de classe do(s) profissional (ais) habilitado (s) para a elabora\u00e7\u00e3o do respectivo Estudo Ambiental.<\/li>\n<li>Layout\/planta do empreendimento, assinado por t\u00e9cnico habilitado com ART-CREA\/RO ou outro Conselho de Classe;<\/li>\n<li>Plantas e memoriais de c\u00e1lculo dos sistemas de tratamento de res\u00edduos (s\u00f3lidos, l\u00edquidos e gasosos) assinado por t\u00e9cnico habilitado com ART-CREA\/RO ou outro Conselho de Classe, se aplic\u00e1vel;<\/li>\n<li>Laudo Hidrogeol\u00f3gico e pontos de aloca\u00e7\u00e3o dos po\u00e7os de monitoramento com respectiva Anota\u00e7\u00e3o de Responsabilidade T\u00e9cnica do Profissional Legalmente Habilitado; (Para sistemas de tratamento que utilizam; se aplic\u00e1vel ;<\/li>\n<li>Publica\u00e7\u00e3o em jornal do pedido da Licen\u00e7a de Instala\u00e7\u00e3o;<\/li>\n<li>Protocolo de regulariza\u00e7\u00e3o do abastecimento h\u00eddrico registrado junto ao COREH, quando couber;<\/li>\n<li>Protocolo de solicita\u00e7\u00e3o de Autoriza\u00e7\u00e3o de Supress\u00e3o Vegetal \u2013 ASV,quando couber ;<\/li>\n<li>Cronograma de implanta\u00e7\u00e3o da obra;<\/li>\n<li>Outros documentos exigidos nas condicionantes da licen\u00e7a pr\u00e9via, quando for o<\/li>\n<\/ol>\n<p style=\"text-align: justify;\">RELA\u00c7\u00c3O DE DOCUMENTOS PARA RENOVA\u00c7\u00c3O DA LICEN\u00c7A DE INSTALA\u00c7\u00c3O (LI):<\/p>\n<ol style=\"text-align: justify;\">\n<li>Requerimento padr\u00e3o, dispon\u00edvel no site da SEDAM;<\/li>\n<li>Comprovante de recolhimento de taxa referente \u00e0 renova\u00e7\u00e3o da licen\u00e7a de Instala\u00e7\u00e3o conforme determina a Lei estadual n\u00ba3941 de 2016;<\/li>\n<li>Cronograma de implanta\u00e7\u00e3o da obra atualizado;<\/li>\n<li>Publica\u00e7\u00e3o em jornal do pedido de renova\u00e7\u00e3o da Licen\u00e7a de Instala\u00e7\u00e3o (informando extens\u00e3o e\/ou \u00e1rea do empreendimento);<\/li>\n<li>Autoriza\u00e7\u00e3o de Supress\u00e3o Vegetal \u2013 ASV,quando couber;<\/li>\n<li>Outros documentos exigidos nas condicionantes estabelecidas nas fases anteriores, quando aplic\u00e1vel.<\/li>\n<\/ol>\n<p style=\"text-align: justify;\"><strong>\u00a0<\/strong><\/p>\n<p style=\"text-align: justify;\"><strong>RELA\u00c7\u00c3O DE DOCUMENTOS PARA LICEN\u00c7A DE OPERA\u00c7\u00c3O (LO):<\/strong><\/p>\n<p style=\"text-align: justify;\"><strong>\u00a0<\/strong><\/p>\n<ol style=\"text-align: justify;\">\n<li>Requerimento padr\u00e3o, dispon\u00edvel no site da SEDAM;<\/li>\n<li>Comprovante de recolhimento de taxa referente \u00e0 licen\u00e7a de Opera\u00e7\u00e3o conforme determina a Lei estadual n\u00ba3941 de 2016;<\/li>\n<li>Outorga de uso de Recurso hidrico, quando couber<\/li>\n<li>Licen\u00e7a do po\u00e7o tubular, quando couber<\/li>\n<li>Publica\u00e7\u00e3o em jornal do Pedido de Licen\u00e7a de Opera\u00e7\u00e3o;<\/li>\n<li>Autoriza\u00e7\u00e3o de Supress\u00e3o Vegetal \u2013 ASV,quando couber ;<\/li>\n<li>Outros documentos exigidos nas condicionantes estabelecidas nas fases anteriores, quando aplic\u00e1vel.<\/li>\n<\/ol>\n<p style=\"text-align: justify;\"><strong>RELA\u00c7\u00c3O DE DOCUMENTOS PARA RENOVA\u00c7\u00c3O DA LICEN\u00c7A DE OPERA\u00c7\u00c3O (LO):<\/strong><\/p>\n<p style=\"text-align: justify;\"><strong>\u00a0<\/strong><\/p>\n<ol style=\"text-align: justify;\">\n<li>Requerimento padr\u00e3o, dispon\u00edvel no site da SEDAM;<\/li>\n<li>Comprovante de recolhimento de taxa referente \u00e0 renova\u00e7\u00e3o da licen\u00e7a de Opera\u00e7\u00e3o conforme determina a Lei estadual n\u00ba3941 de 2016;<\/li>\n<li>Publica\u00e7\u00e3o em jornal do Pedido de Renova\u00e7\u00e3o Licen\u00e7a de Opera\u00e7\u00e3o;<\/li>\n<li>Outorga de uso de Recurso hidrico atualizada, quando couber<\/li>\n<li>Autoriza\u00e7\u00e3o de Supress\u00e3o Vegetal \u2013 ASV,quando couber;<\/li>\n<li>Outros documentos exigidos nas condicionantes estabelecidas nas fases anteriores, quando aplic\u00e1vel.<\/li>\n<\/ol>\n<p style=\"text-align: justify;\"><strong>\u00a0\u00a0\u00a0\u00a0\u00a0\u00a0\u00a0\u00a0\u00a0\u00a0\u00a0 RELA\u00c7\u00c3O DE DOCUMENTOS PARA LICEN\u00c7A PR\u00c9VIA \u00a0E INSTALA\u00c7\u00c3O\u00a0 (LP E LI):<\/strong><\/p>\n<ol style=\"text-align: justify;\">\n<li>Requerimento padr\u00e3o, dispon\u00edvel no site da SEDAM;<\/li>\n<li>Comprovante de recolhimento da taxa referente a Licen\u00e7a Pr\u00e9via e Instala\u00e7\u00e3o, conforme determina a Lei estadual n\u00ba3941 de 2016;<\/li>\n<li>C\u00f3pia do cart\u00e3o CNPJ;<\/li>\n<li>C\u00f3pia do FAC (SINTEGRA);<\/li>\n<li>Ato Constitutivo, Contrato Social, Requerimento de Empres\u00e1rio Individual, Estatuto Social, Declara\u00e7\u00e3o de MEI ou Certid\u00e3o Simplificada;<\/li>\n<li>C\u00f3pias do RG dos respons\u00e1veis legais do empreendimento;<\/li>\n<li>Documento de propriedade do im\u00f3vel (Certid\u00e3o de Inteiro Teor do Cart\u00f3rio de Registro de Im\u00f3veis atualizada), documenta\u00e7\u00e3o de justa posse ou contrato de loca\u00e7\u00e3o, arrendamento, comodato e outros previstos em lei;<\/li>\n<li>C\u00f3pias do (CPF e RG) do propriet\u00e1rio do im\u00f3vel, quando aplic\u00e1vel;<\/li>\n<li>Recibo de inscri\u00e7\u00e3o do Cadastro Ambiental Rural (CAR), se im\u00f3vel rural; no caso de im\u00f3vel localizado no per\u00edmetro urbano, a apresenta\u00e7\u00e3o do CAR estar\u00e1 condicionada ao estabelecido no Art. 35 da Instru\u00e7\u00e3o Normativa N\u00ba 02\/MMA, de 06 de maio de 2014;<\/li>\n<li>Certid\u00e3o da Prefeitura Municipal declarando que o local e o tipo de empreendimento ou atividade est\u00e3o em conformidade com legisla\u00e7\u00e3o aplic\u00e1vel ao uso e ocupa\u00e7\u00e3o do solo, c\u00f3digo de posturas e as leis municipais;<\/li>\n<li>Memorial descritivo da atividade informando, acessos, endere\u00e7o, bairro, munic\u00edpio, coordenadas geogr\u00e1fica (pol\u00edgono da \u00e1rea total do empreendimento), \u00e1reas em m\u00b2 de todas edifica\u00e7\u00f5es a serem instaladas, existente e\/ou ampliadas;<\/li>\n<li>Anu\u00eancia do Instituto do Patrim\u00f4nio Hist\u00f3rico e Art\u00edstico Nacional (IPHAN), nos termos da Instru\u00e7\u00e3o Normativa N\u00ba 001\/15 do IPHAN, quando aplic\u00e1vel;<\/li>\n<li>Plano de Controle Ambiental \u2013 PCA, acompanhado de documento de responsabilidade t\u00e9cnica do conselho de classe do(s) profissional (ais) habilitado (s) para a elabora\u00e7\u00e3o do respectivo Estudo Ambiental;<\/li>\n<li>Laudo Hidrogeol\u00f3gico e pontos de aloca\u00e7\u00e3o dos po\u00e7os de monitoramento com respectiva Anota\u00e7\u00e3o de Responsabilidade T\u00e9cnica do Profissional Legalmente Habilitado; (Para sistemas de tratamento que utilizam lagoas de estabiliza\u00e7\u00e3o), se aplic\u00e1vel;<\/li>\n<li>Layout\/planta do empreendimento, assinado por t\u00e9cnico habilitado com ART-CREA\/RO ou outro Conselho de Classe;<\/li>\n<li>Plantas e memoriais de c\u00e1lculo dos sistemas de tratamento de res\u00edduos (s\u00f3lidos, l\u00edquidos e gasosos) assinado por t\u00e9cnico habilitado com ART-CREA\/RO ou outro Conselho de Classe, se aplic\u00e1vel;<\/li>\n<li>Cronograma de implanta\u00e7\u00e3o do empreendimento;<\/li>\n<li>Publica\u00e7\u00e3o em jornal do pedido da Licen\u00e7a Pr\u00e9via e de Instala\u00e7\u00e3o;<\/li>\n<li>Protocolo de regulariza\u00e7\u00e3o do abastecimento h\u00eddrico registrado junto ao COREH, quando couber;<\/li>\n<li>Protocolo de solicita\u00e7\u00e3o da Autoriza\u00e7\u00e3o de Supress\u00e3o Vegetal \u2013 ASV, quando couber;<\/li>\n<\/ol>\n<p style=\"text-align: justify;\"><strong>\u00a0<\/strong><strong>LICENCIAMENTO PROJETOS AGR\u00cdCOLAS IRRIGADOS<\/strong><\/p>\n<p style=\"text-align: justify;\"><strong>\u00a0<\/strong><strong>RELA\u00c7\u00c3O DE DOCUMENTOS PARA LICEN\u00c7A PR\u00c9VIA (LP)<\/strong><\/p>\n<ol style=\"text-align: justify;\">\n<li>Requerimento padr\u00e3o, dispon\u00edvel no site da SEDAM;<\/li>\n<li>Comprovante de recolhimento de taxa referente \u00e0 licen\u00e7a Pr\u00e9via, conforme determina a Lei estadual n\u00ba3941 de 2016;<\/li>\n<li>C\u00f3pia do cart\u00e3o CNPJ;<\/li>\n<li>C\u00f3pia do FAC (SINTEGRA);<\/li>\n<li>Ato Constitutivo, Contrato Social, Requerimento de Empres\u00e1rio Individual, Estatuto Social, Declara\u00e7\u00e3o de MEI ou Certid\u00e3o Simplificada<\/li>\n<li>C\u00f3pias do (CPF e RG) dos respons\u00e1veis legais do empreendimento;<\/li>\n<li>Procura\u00e7\u00e3o, quando couber;<\/li>\n<li>Documento de propriedade do im\u00f3vel (Certid\u00e3o de Inteiro Teor do Cart\u00f3rio de Registro de Im\u00f3veis atualizada), documenta\u00e7\u00e3o de justa posse ou contrato de loca\u00e7\u00e3o, arrendamento, comodato e outros previstos em lei;<\/li>\n<li>C\u00f3pias do (CPF e RG) do propriet\u00e1rio do im\u00f3vel, quando aplic\u00e1vel<strong>;<\/strong><\/li>\n<li>Recibo de inscri\u00e7\u00e3o do Cadastro Ambiental Rural (CAR), se im\u00f3vel rural; no caso de im\u00f3vel localizado no per\u00edmetro urbano, a apresenta\u00e7\u00e3o do CAR estar\u00e1 condicionada ao estabelecido no Art. 35 da Instru\u00e7\u00e3o Normativa N\u00ba 02\/MMA, de 06 de maio de 2014 ou Termo de Compromisso Ambiental de Cadastro Ambiental Rural, conforme Portaria n\u00ba 131 de 09 de maio de 2020, quando for o caso,<\/li>\n<li>Certid\u00e3o da Prefeitura Municipal declarando que o local e o tipo de empreendimento ou atividade est\u00e3o em conformidade com legisla\u00e7\u00e3o aplic\u00e1vel ao uso e ocupa\u00e7\u00e3o do solo, c\u00f3digo de posturas e as leis municipais;<\/li>\n<li>Relat\u00f3rio de Controle Ambiental &#8211; RCA, descrevendo a concep\u00e7\u00e3o geral do projeto, contendo: localiza\u00e7\u00e3o do empreendimento, assim como recursos h\u00eddricos do entorno, objetivos, acessos, bem como de outros aspectos ou informa\u00e7\u00f5es relevantes, acompanhado da ART do respons\u00e1vel t\u00e9cnico legalmente habilitado;<\/li>\n<li>Anu\u00eancia do Instituto do Patrim\u00f4nio Hist\u00f3rico e Art\u00edstico Nacional (IPHAN), nos termos da Instru\u00e7\u00e3o Normativa N\u00ba 001\/15 do IPHAN, quando aplic\u00e1vel;<\/li>\n<li>Publica\u00e7\u00e3o em jornal do Pedido de Licen\u00e7a Pr\u00e9via.<\/li>\n<li>Cronograma de elabora\u00e7\u00e3o dos planos, programas e<\/li>\n<li>Arquivo shapefile da \u00e1rea irrigada, ponto de capta\u00e7\u00e3o e outras instala\u00e7\u00f5es com as extens\u00f5es de dbf., shx., prj., shp., qpj.<\/li>\n<\/ol>\n<p style=\"text-align: justify;\">RELA\u00c7\u00c3O DE DOCUMENTOS PARA LICEN\u00c7A DE INSTALA\u00c7\u00c3O (LI):<\/p>\n<ol style=\"text-align: justify;\">\n<li>Requerimento padr\u00e3o, dispon\u00edvel no site da SEDAM;<\/li>\n<li>Comprovante de recolhimento de taxa referente \u00e0 licen\u00e7a de instala\u00e7\u00e3o, conforme determina a Lei estadual n\u00ba3941 de 2016;<\/li>\n<li>Cronograma de implanta\u00e7\u00e3o do empreendimento;<\/li>\n<li>Publica\u00e7\u00e3o em jornal do pedido da Licen\u00e7a de Instala\u00e7\u00e3o;<\/li>\n<li>Plano de Controle Ambiental &#8211; PCA, descrevendo a cultura irrigada, \u00e1rea de irriga\u00e7\u00e3o, demanda h\u00eddrica m\u00e1xima, tempo di\u00e1rio de irriga\u00e7\u00e3o, per\u00edodo de uso no ano, efici\u00eancia do sistema de irriga\u00e7\u00e3o, vaz\u00e3o do corpo h\u00eddrico, vaz\u00e3o necess\u00e1ria para o sistema, m\u00e9todo de irriga\u00e7\u00e3o utilizado (aspers\u00e3o, microaspers\u00e3o, gotejamento, inunda\u00e7\u00e3o), medidas de controle para evitar eros\u00e3o, medidas de controle da polui\u00e7\u00e3o dos corpos h\u00eddricos, medidas de controle de acesso de animais a reservat\u00f3rios ou tanques escavados; m\u00e1quinas e equipamentos utilizados; plano de uso de defensivos agr\u00edcolas; topografia da \u00e1rea; dep\u00f3sito tempor\u00e1rio de embalagens e manejo de res\u00edduos s\u00f3lidos. O PCA deve ser acompanhado da ART do respons\u00e1vel t\u00e9cnico legalmente habilitado;<\/li>\n<li>Memorial descritivo da irriga\u00e7\u00e3o;<\/li>\n<li>Apresenta\u00e7\u00e3o do pedido (protocolo) de regulariza\u00e7\u00e3o do abastecimento h\u00eddrico registrado no COREH, quando aplic\u00e1vel.<\/li>\n<li>Outros documentos exigidos nas condicionantes da Licen\u00e7a Pr\u00e9via, quando aplic\u00e1vel.<\/li>\n<\/ol>\n<p style=\"text-align: justify;\">\u00a0 \u00a0 RELA\u00c7\u00c3O DE DOCUMENTOS PARA RENOVA\u00c7\u00c3O DA LICEN\u00c7A DE INSTALA\u00c7\u00c3O (LI):<\/p>\n<ol style=\"text-align: justify;\">\n<li>Requerimento padr\u00e3o, dispon\u00edvel no site da SEDAM;<\/li>\n<li>Comprovante de recolhimento de taxa referente \u00e0 licen\u00e7a de instala\u00e7\u00e3o, conforme determina a Lei estadual n\u00ba3941 de 2016;<\/li>\n<li>Cronograma de implanta\u00e7\u00e3o da obra atualizado;<\/li>\n<li>Autoriza\u00e7\u00e3o para supress\u00e3o vegeta\u00e7\u00e3o, quando aplic\u00e1vel;<\/li>\n<li>Publica\u00e7\u00e3o em jornal do pedido de Renova\u00e7\u00e3o da Licen\u00e7a de Instala\u00e7\u00e3o (informando extens\u00e3o e\/ou \u00e1rea do empreendimento;<\/li>\n<li>Outros documentos exigidos nas condicionantes estabelecidas nas fases anteriores, quando aplic\u00e1vel.<\/li>\n<\/ol>\n<p style=\"text-align: justify;\">DISPENSA DE LICENCIAMENTO<\/p>\n<p style=\"text-align: justify;\">S\u00e3o as atividades econ\u00f4micas que n\u00e3o s\u00e3o pass\u00edveis de licenciamento ambiental. Em Rond\u00f4nia estas atividades s\u00e3odecrita na Resolu\u00e7\u00e3o N. 01\/2020\/SEDAM-CONSEPA\/2020\/SEDAM, e pode serser feita on line atrav\u00e9s do site da SEDAM <a href=\"http:\/\/colmam.sedam.ro.gov.br\/dispensa\/\">http:\/\/colmam.sedam.ro.gov.br\/dispensa\/<\/a><\/p>\n<p>CERTID\u00c3O DE INEXIGIBILIDADE DE LICENCIAMENTO AMBIENTAL<\/p>\n<p style=\"text-align: justify;\">A Certid\u00e3o Ambiental \u00e9 o ato administrativo por meio do qual o \u00d3rg\u00e3o Ambiental declara, atesta, certifica determinadas informa\u00e7\u00f5es de car\u00e1ter ambiental. Em Rond\u00f4nia esta certid\u00e3o pode ser emitida atrav\u00e9s do site da SEDAM\u00a0 <a href=\"http:\/\/colmam.sedam.ro.gov.br\/inexigibilidade\/\">http:\/\/colmam.sedam.ro.gov.br\/inexigibilidade\/<\/a><\/p>\n<p style=\"text-align: justify;\"><strong>OUTORGA DO DIREITO DO USO DE RECURSOS HIDRICOS<\/strong><\/p>\n<p style=\"text-align: justify;\">A\u00a0outorga do direito de uso de recursos h\u00eddricos\u00a0\u00e9 o instrumento pelo qual o Poder P\u00fablico atribui ao interessado, p\u00fablico ou privado, o\u00a0direito\u00a0de utilizar privativamente dos\u00a0recursos\u00a0aq\u00fc\u00edferos. A Gest\u00e3o dos Recursos H\u00eddricos no Estado de Rond\u00f4nia \u00e9 feita pela Secret\u00e1ria de Estado do Desenvolvimento Ambiental (SEDAM), com base nas diretrizes da Pol\u00edtica Estadual dos Recursos H\u00eddricos que, por sua vez, \u00e9 administrada pelo \u00f3rg\u00e3o consultivo e deliberativo, o Conselho Estadual de Recursos H\u00eddricos (CRH\/RO).<\/p>\n<p style=\"text-align: justify;\">DOCUMENTOS PARA SOLICITA\u00c7AO DE OUTORGA DO DIREITO DE USO PARA CAPTA\u00c7\u00c3O SUPERFICIAL E LAN\u00c7AMENTO DE EFLUENTE<\/p>\n<ul style=\"text-align: justify;\">\n<li>Requerimento Padr\u00e3o, dispon\u00edvel no site da SEDAM (http:\/\/www.sedam.ro.gov.br). Nesse requerimento devem constar os dados do requerente, bem como a Descri\u00e7\u00e3o da(s) Atividade(s) Requerida(s) para a Outorga;<\/li>\n<li>C\u00f3pia do CPF, RG ou Carteira de Habilita\u00e7\u00e3o do interessado (empreendedor);<\/li>\n<li>C\u00f3pia do Cart\u00e3o CNPJ e SINTEGRA (Para Pessoa Jur\u00eddica);<\/li>\n<li>C\u00f3pia do Contrato social\/Atos constitutivos da empresa ou registro junto a JUCER, ATUALIZADOS, dispon\u00edvel no site da JUCER (<a href=\"http:\/\/www.rondonia.ro.gov.br\/jucer\/\">http:\/\/www.rondonia.ro.gov.br\/jucer\/<\/a>);<\/li>\n<li>C\u00f3pia do documento de propriedade do im\u00f3vel onde ser\u00e1 implantado o empreendimento. Caso n\u00e3o seja o dono da propriedade, apresentar o(s) contrato(s) de loca\u00e7\u00e3o, contrato de comodato, autoriza\u00e7\u00e3o do dono da fazenda e\/ou loteamento (caso o empreendimento esteja localizado na zona rural);<\/li>\n<li>Cadastro Ambiental Rural \u2013 CAR, quando for o caso, para os empreendimentos localizados em fazendas e\/ou loteamentos da zona rural;<\/li>\n<li>Publica\u00e7\u00e3o em jornal de grande circula\u00e7\u00e3o ou no Di\u00e1rio Oficial do Estado informando que requereu junto ao \u00d3rg\u00e3o Ambiental (SEDAM), a Outorga do Direito de Uso de Recursos H\u00eddricos para Capta\u00e7\u00e3o e\/ou Lan\u00e7amento de Efluentes em Recurso H\u00eddrico Superficial, contendo as seguintes Informa\u00e7\u00f5es: Raz\u00e3o Social, Atividade Requerida e Endere\u00e7o da Atividade ou Empreendimento. Apresentar a publica\u00e7\u00e3o original, com data;<\/li>\n<li>Formul\u00e1rio de Finalidade do Uso da \u00c1gua, dispon\u00edvel no site <a href=\"http:\/\/www.sedam.ro.gov.br\/\">http:\/\/www.sedam.ro.gov.br<\/a>;<\/li>\n<li>Requerimento de Outorga do Direito de Uso de Recursos H\u00eddricos, dispon\u00edvel no site da SEDAM (<a href=\"http:\/\/www.sedam.ro.gov.br\/\">http:\/\/www.sedam.ro.gov.br<\/a>)<\/li>\n<li>Relat\u00f3rio de Avalia\u00e7\u00e3o de Uso dos Recursos H\u00eddricos Superficial, cujo Termo de Refer\u00eancia encontra-se dispon\u00edvel no site <a href=\"http:\/\/www.sedam.ro.gov.br\/\">http:\/\/www.sedam.ro.gov.br,<\/a> com ART do Respons\u00e1vel T\u00e9cnico habilitado pela elabora\u00e7\u00e3o do Estudo, emitida pelo CREA\/RO;<\/li>\n<li>Boletim de an\u00e1lise f\u00edsico-qu\u00edmica, bacteriol\u00f3gica e de Potabilidade da \u00e1gua do ponto de Lan\u00e7amento de Efluentes, bem como de pontos devidamente indicados a montante e a jusante do ponto de lan\u00e7amento de efluentes, com laudo, devidamente assinado pelo Respons\u00e1vel T\u00e9cnico, segundo especifica a legisla\u00e7\u00e3o vigente;<\/li>\n<li>ART do Respons\u00e1vel T\u00e9cnico pelo Pedido de Outorga do Direito de Uso de Recursos H\u00eddricos Superficial, devidamente habilitado para realizar atividades relacionadas aos recursos h\u00eddricos superficiais, emitida pelo CREA\/RO.<\/li>\n<\/ul>\n<p style=\"text-align: justify;\">DOCUMENTOS PARA SOLICITA\u00c7\u00c3O DA RENOVA\u00c7\u00c3O DA OUTORGA DO DIREITO DE USO DE RECURSOS H\u00cdDRICOS SUPERFICIAIS<\/p>\n<p style=\"text-align: justify;\"><strong>\u00a0<\/strong><\/p>\n<ul style=\"text-align: justify;\">\n<li>Requerimento Padr\u00e3o, dispon\u00edvel no site da SEDAM (http:\/\/www.sedam.ro.gov.br). Nesse requerimento devem constar os dados do requerente, bem como a Descri\u00e7\u00e3o da(s) Atividade(s) Requerida(s) para a Outorga;<\/li>\n<li>Publica\u00e7\u00e3o em jornal de grande circula\u00e7\u00e3o ou no Di\u00e1rio Oficial do Estado informando que requereu junto ao \u00d3rg\u00e3o Ambiental (SEDAM), a Renova\u00e7\u00e3o da Outorga do Direito de Uso de Recursos H\u00eddricos para Capta\u00e7\u00e3o e\/ou Lan\u00e7amento de Efluentes em Recurso H\u00eddrico Superficial, contendo as seguintes Informa\u00e7\u00f5es: Raz\u00e3o Social, Atividade Requerida e Endere\u00e7o da Atividade ou Empreendimento. Apresentar a publica\u00e7\u00e3o original, com data;<\/li>\n<li>Requerimento de Outorga do Direito de Uso de Recursos H\u00eddricos, dispon\u00edvel no site da SEDAM (<a href=\"http:\/\/www.sedam.ro.gov.br\/\">http:\/\/www.sedam.ro.gov.br<\/a>);<\/li>\n<li>Estudo de caracteriza\u00e7\u00e3o do corpo h\u00eddrico, onde dever\u00e1 ser apresentado o estudo de medi\u00e7\u00e3o de vaz\u00e3o (teste de vaz\u00e3o), o qual dever\u00e1 conter a metodologia utilizada do teste, indicar o regime h\u00eddrico, nome do corpo h\u00eddrico, o fluxo da \u00e1gua superficial, a rela\u00e7\u00e3o do corpo h\u00eddrico em rela\u00e7\u00e3o as Bacias, Sub Bacias e Microbacias hidrogr\u00e1ficas, o relat\u00f3rio fotogr\u00e1fico do teste e parecer conclusivo do teste, indicando a viabilidade do corpo h\u00eddrico captado (possibilidade de capta\u00e7\u00e3o de \u00e1gua superficial) tanto no per\u00edodo de estiagem (ver\u00e3o) quanto no per\u00edodo de cheia (inverno), indicando os n\u00edveis de \u00e1gua no ponto de capta\u00e7\u00e3o no per\u00edodo de estiagem e no per\u00edodo de ver\u00e3o, com ART do Respons\u00e1vel T\u00e9cnico habilitado pela elabora\u00e7\u00e3o do Estudo, emitida pelo CREA\/RO;<\/li>\n<li>Estudo de autodepura\u00e7\u00e3o do corpo h\u00eddrico, em caso de ponto de lan\u00e7amento de efluentes, conforme especifica a legisla\u00e7\u00e3o vigente;<\/li>\n<li>Novo Boletim de an\u00e1lise f\u00edsico-qu\u00edmica, bacteriol\u00f3gica e de Potabilidade da \u00e1gua do ponto de Lan\u00e7amento de Efluentes, bem como de pontos devidamente indicados a montante e a jusante do ponto de lan\u00e7amento de efluentes, com laudo, devidamente assinado pelo Respons\u00e1vel T\u00e9cnico, segundo especifica a legisla\u00e7\u00e3o vigente;<\/li>\n<li>ART do Respons\u00e1vel T\u00e9cnico pelo Pedido de Renova\u00e7\u00e3o de Outorga do Direito de Uso de Recursos H\u00eddricos Superficial, devidamente habilitado para realizar atividades relacionadas aos recursos h\u00eddricos superficiais, emitida pelo CREA\/RO.<\/li>\n<\/ul>\n<h3 style=\"text-align: justify;\">EMISS\u00c3O DE CERDIT\u00c3O ONLINE &#8211; FORMUL\u00c1RIO DE AUTODECLARA\u00c7\u00c3O DE USOS DA \u00c1GUA QUE INDEPENDEM DE OUTORGA<\/h3>\n<p style=\"text-align: justify;\">Os recursos h\u00eddricos que independem de Outorga Preventiva e Outorga do Direito de Uso de Recursos H\u00eddricos, ou seja, pela autoriza\u00e7\u00e3o do uso da \u00e1gua pelo Poder P\u00fablico Estadual, conforme o Art. 2 da Resolu\u00e7\u00e3o CRH\/RO n\u00ba 04, de 18 de mar\u00e7o de 2014, s\u00e3o: \u201c<\/p>\n<ol style=\"text-align: justify;\">\n<li>Vaz\u00f5es de capta\u00e7\u00e3o m\u00e1ximas instant\u00e2neas inferiores a 1,0 L\/s, quando n\u00e3o houver delibera\u00e7\u00e3o diferente por parte do CRH\/RO ou um crit\u00e9rio diferente expresso no plano da bacia hidrogr\u00e1fica em quest\u00e3o;<\/li>\n<li>Capta\u00e7\u00e3o por nascentes, respeitada a \u00c1rea de Preserva\u00e7\u00e3o Permanente estabelecida no Artigo 4\u00ba, IV da Lei Federal n\u00ba 12.651, de 25 de maio de 2012;<\/li>\n<\/ol>\n<ul style=\"text-align: justify;\">\n<li>Deriva\u00e7\u00f5es, capta\u00e7\u00f5es e lan\u00e7amentos destinados a usos tempor\u00e1rios de recursos h\u00eddricos, tais como atendimento emergencial de atividade de interesse p\u00fablico, realiza\u00e7\u00e3o de testes de equipamentos, outros usos de curta dura\u00e7\u00e3o, os quais n\u00e3o se estabele\u00e7am como uso permanente;<\/li>\n<\/ul>\n<p style=\"text-align: justify;\">A certid\u00e3o pode ser emitida atrav\u00e9s do site da SEDAM <a href=\"http:\/\/coreh.sedam.ro.gov.br\/dispensa\/\">http:\/\/coreh.sedam.ro.gov.br\/dispensa\/<\/a><\/p>\n<p style=\"text-align: justify;\"><em><strong>PROGRAMA RECOLHIMENTO DE EMBALAGENS<\/strong><\/em><strong>\u00a0VAZIAS<\/strong><\/p>\n<p style=\"text-align: justify;\">Conforme o Decreto 4074\/02:<\/p>\n<p style=\"text-align: justify;\">Os usu\u00e1rios de\u00a0agrot\u00f3xicos\u00a0e afins dever\u00e3o efetuar a devolu\u00e7\u00e3o das\u00a0embalagens\u00a0vazias, e respectivas tampas, aos estabelecimentos comerciais em que foram adquiridos, no prazo de at\u00e9 um ano, contado da data de sua compra.<\/p>\n<p style=\"text-align: justify;\">A EMATER-RO realiza todos os anos mutir\u00f5es de\u00a0 conscientiza\u00e7\u00e3o do destino e recolhimento das embalagens vazias de agrot\u00f3xicos em parceria com o IDARON. Procure o Escrit\u00f3rio da EMATER-RO para agendar o mutir\u00e3o.<\/p>\n<p style=\"text-align: justify;\"><strong>\u00a0<\/strong><\/p>\n","protected":false},"excerpt":{"rendered":"<p>A Emater\u2013RO desenvolve diversos atividade no Estado, voltados para a educa\u00e7\u00e3o, conserva\u00e7\u00e3o e regularidade ambiental e tamb\u00e9m para a promo\u00e7\u00e3o de pr\u00e1ticas produtivas que n\u00e3o agridam o ambiente. A Empresa [&hellip;]<\/p>\n","protected":false},"author":1,"featured_media":0,"parent":0,"menu_order":0,"comment_status":"closed","ping_status":"closed","template":"","meta":[],"_links":{"self":[{"href":"http:\/\/www.emater.ro.gov.br\/ematerro\/wp-json\/wp\/v2\/pages\/506"}],"collection":[{"href":"http:\/\/www.emater.ro.gov.br\/ematerro\/wp-json\/wp\/v2\/pages"}],"about":[{"href":"http:\/\/www.emater.ro.gov.br\/ematerro\/wp-json\/wp\/v2\/types\/page"}],"author":[{"embeddable":true,"href":"http:\/\/www.emater.ro.gov.br\/ematerro\/wp-json\/wp\/v2\/users\/1"}],"replies":[{"embeddable":true,"href":"http:\/\/www.emater.ro.gov.br\/ematerro\/wp-json\/wp\/v2\/comments?post=506"}],"version-history":[{"count":6,"href":"http:\/\/www.emater.ro.gov.br\/ematerro\/wp-json\/wp\/v2\/pages\/506\/revisions"}],"predecessor-version":[{"id":9345,"href":"http:\/\/www.emater.ro.gov.br\/ematerro\/wp-json\/wp\/v2\/pages\/506\/revisions\/9345"}],"wp:attachment":[{"href":"http:\/\/www.emater.ro.gov.br\/ematerro\/wp-json\/wp\/v2\/media?parent=506"}],"curies":[{"name":"wp","href":"https:\/\/api.w.org\/{rel}","templated":true}]}}