{"id":167,"date":"2016-06-24T12:55:13","date_gmt":"2016-06-24T16:55:13","guid":{"rendered":"http:\/\/www.emater.ro.gov.br\/ematerro\/?page_id=167"},"modified":"2025-07-28T10:22:13","modified_gmt":"2025-07-28T14:22:13","slug":"getec","status":"publish","type":"page","link":"http:\/\/www.emater.ro.gov.br\/ematerro\/getec\/","title":{"rendered":"GETEC"},"content":{"rendered":"<table style=\"height: 673px;\" width=\"1110\">\n<tbody>\n<tr>\n<td width=\"123\">\u00a0<img decoding=\"async\" loading=\"lazy\" class=\"alignnone size-full wp-image-5549\" src=\"http:\/\/www.emater.ro.gov.br\/ematerro\/wp-content\/uploads\/2016\/06\/emater.jpg\" alt=\"emater\" width=\"434\" height=\"181\" srcset=\"http:\/\/www.emater.ro.gov.br\/ematerro\/wp-content\/uploads\/2016\/06\/emater.jpg 434w, http:\/\/www.emater.ro.gov.br\/ematerro\/wp-content\/uploads\/2016\/06\/emater-300x125.jpg 300w\" sizes=\"(max-width: 434px) 100vw, 434px\" \/><\/td>\n<td colspan=\"2\" width=\"444\">Entidade Aut\u00e1rquica de Assist\u00eancia T\u00e9cnica e Extens\u00e3o Rural do Estado de Rond\u00f4nia<\/td>\n<\/tr>\n<tr>\n<td style=\"text-align: center;\" colspan=\"3\" width=\"566\">GETEC<\/td>\n<\/tr>\n<tr>\n<td style=\"text-align: right;\" colspan=\"3\" width=\"566\">Ger\u00eancia T\u00e9cnica<br \/>\nGerente: Geraldo Souza Ferreira Filho<br \/>\ngetec@emater.ro.gov.br<br \/>\n(69)\u00a0 99337-6089<\/td>\n<\/tr>\n<tr>\n<td colspan=\"3\" width=\"566\">Objetivo Geral<\/td>\n<\/tr>\n<tr>\n<td colspan=\"3\" width=\"566\">A ger\u00eancia t\u00e9cnica tem como fun\u00e7\u00f5es principais de atuar no planejamento, monitoramento, assessoramento, desde a elabora\u00e7\u00e3o e execu\u00e7\u00f5es de projetos e a\u00e7\u00f5es de ATER das \u00e1reas afins contribuindo para o desenvolvimento sustent\u00e1veis rurais em curto, m\u00e9dio e longo prazo.<\/td>\n<\/tr>\n<tr>\n<td colspan=\"2\" width=\"198\"><a href=\"http:\/\/www.emater.ro.gov.br\/ematerro\/wp-content\/uploads\/2016\/06\/REQUERENTE_OUTORGA.htm\">REQUERENTE_OUTORGA<\/a><\/td>\n<td width=\"368\"><span style=\"color: #3366ff;\">\u00a0<\/span><\/td>\n<\/tr>\n<tr>\n<td colspan=\"2\" width=\"198\"><span style=\"color: #3366ff;\">Produ\u00e7\u00e3o Vegetal<\/span><\/td>\n<td width=\"368\"><span style=\"color: #3366ff;\">\u00a0<\/span><\/td>\n<\/tr>\n<tr>\n<td colspan=\"2\" width=\"198\"><span style=\"color: #3366ff;\">Desenvolvimento Social<\/span><\/td>\n<td width=\"368\"><span style=\"color: #3366ff;\">\u00a0<\/span><\/td>\n<\/tr>\n<tr>\n<td colspan=\"2\" width=\"198\"><span style=\"color: #3366ff;\">Produ\u00e7\u00e3o Animal<\/span><\/td>\n<td width=\"368\"><span style=\"color: #3366ff;\">\u00a0<\/span><\/td>\n<\/tr>\n<tr>\n<td colspan=\"2\" width=\"198\"><span style=\"color: #3366ff;\">Piscicultura<\/span><\/td>\n<td width=\"368\"><span style=\"color: #3366ff;\">\u00a0<\/span><\/td>\n<\/tr>\n<tr>\n<td colspan=\"2\" width=\"198\"><span style=\"color: #3366ff;\">Regulariza\u00e7\u00e3o Ambiental<\/span><\/td>\n<td width=\"368\"><span style=\"color: #3366ff;\">\u00a0<\/span><\/td>\n<\/tr>\n<tr>\n<td colspan=\"2\" width=\"198\"><span style=\"color: #3366ff;\">Cr\u00e9dito Rural<\/span><\/td>\n<td width=\"368\"><span style=\"color: #3366ff;\">\u00a0<\/span><\/td>\n<\/tr>\n<tr>\n<td colspan=\"2\" width=\"198\"><span style=\"color: #3366ff;\">Agroind\u00fastria<\/span><\/td>\n<td width=\"368\"><span style=\"color: #3366ff;\">\u00a0<\/span><\/td>\n<\/tr>\n<tr>\n<td colspan=\"2\" width=\"198\"><span style=\"color: #3366ff;\">Regulariza\u00e7\u00e3o Fundi\u00e1ria<\/span><\/td>\n<td width=\"368\"><\/td>\n<\/tr>\n<\/tbody>\n<\/table>\n","protected":false},"excerpt":{"rendered":"<p>\u00a0 Entidade Aut\u00e1rquica de Assist\u00eancia T\u00e9cnica e Extens\u00e3o Rural do Estado de Rond\u00f4nia GETEC Ger\u00eancia T\u00e9cnica Gerente: Geraldo Souza Ferreira Filho getec@emater.ro.gov.br (69)\u00a0 99337-6089 Objetivo Geral A ger\u00eancia t\u00e9cnica tem [&hellip;]<\/p>\n","protected":false},"author":1,"featured_media":0,"parent":0,"menu_order":0,"comment_status":"closed","ping_status":"closed","template":"","meta":[],"_links":{"self":[{"href":"http:\/\/www.emater.ro.gov.br\/ematerro\/wp-json\/wp\/v2\/pages\/167"}],"collection":[{"href":"http:\/\/www.emater.ro.gov.br\/ematerro\/wp-json\/wp\/v2\/pages"}],"about":[{"href":"http:\/\/www.emater.ro.gov.br\/ematerro\/wp-json\/wp\/v2\/types\/page"}],"author":[{"embeddable":true,"href":"http:\/\/www.emater.ro.gov.br\/ematerro\/wp-json\/wp\/v2\/users\/1"}],"replies":[{"embeddable":true,"href":"http:\/\/www.emater.ro.gov.br\/ematerro\/wp-json\/wp\/v2\/comments?post=167"}],"version-history":[{"count":22,"href":"http:\/\/www.emater.ro.gov.br\/ematerro\/wp-json\/wp\/v2\/pages\/167\/revisions"}],"predecessor-version":[{"id":17740,"href":"http:\/\/www.emater.ro.gov.br\/ematerro\/wp-json\/wp\/v2\/pages\/167\/revisions\/17740"}],"wp:attachment":[{"href":"http:\/\/www.emater.ro.gov.br\/ematerro\/wp-json\/wp\/v2\/media?parent=167"}],"curies":[{"name":"wp","href":"https:\/\/api.w.org\/{rel}","templated":true}]}}